{"id":15896,"date":"2020-09-30T20:44:52","date_gmt":"2020-09-30T20:44:52","guid":{"rendered":"https:\/\/www.vallecamping.se\/personvernerklaering\/"},"modified":"2025-05-30T15:16:43","modified_gmt":"2025-05-30T15:16:43","slug":"personvernerklaering","status":"publish","type":"page","link":"https:\/\/www.vallecamping.se\/no\/personvernerklaering\/","title":{"rendered":"Personvernerkl\u00e6ring"},"content":{"rendered":"<p>[et_pb_section fb_built=&raquo;1&#8243; admin_label=&raquo;Header&raquo; _builder_version=&raquo;4.16&#8243; background_image=&raquo;https:\/\/www.vallecamping.se\/wp-content\/uploads\/2020\/09\/4-baddsstugor.jpg&raquo; custom_margin=&raquo;-280px||||false|false&raquo; custom_margin_tablet=&raquo;-300px||||false|false&raquo; custom_margin_phone=&raquo;-270px||||false|false&raquo; custom_margin_last_edited=&raquo;on|phone&raquo; custom_padding=&raquo;8vw||4vw||false|&raquo; bottom_divider_style=&raquo;wave2&#8243; bottom_divider_color=&raquo;#a9bdcc&raquo; da_disable_devices=&raquo;off|off|off&raquo; global_colors_info=&raquo;{}&raquo; da_is_popup=&raquo;off&raquo; da_exit_intent=&raquo;off&raquo; da_has_close=&raquo;on&raquo; da_alt_close=&raquo;off&raquo; da_dark_close=&raquo;off&raquo; da_not_modal=&raquo;on&raquo; da_is_singular=&raquo;off&raquo; da_with_loader=&raquo;off&raquo; da_has_shadow=&raquo;on&raquo;][et_pb_row use_custom_gutter=&raquo;on&raquo; gutter_width=&raquo;2&#8243; custom_padding_last_edited=&raquo;on|phone&raquo; _builder_version=&raquo;4.16&#8243; width=&raquo;90%&raquo; max_width=&raquo;1280px&raquo; custom_padding=&raquo;100px||||false|false&raquo; custom_padding_tablet=&raquo;120px||||false|false&raquo; custom_padding_phone=&raquo;130px||||false|false&raquo; global_colors_info=&raquo;{}&raquo;][et_pb_column type=&raquo;4_4&#8243; _builder_version=&raquo;4.16&#8243; custom_padding=&raquo;|||&raquo; global_colors_info=&raquo;{}&raquo; custom_padding__hover=&raquo;|||&raquo;][et_pb_text _builder_version=&raquo;4.27.4&#8243; text_font=&raquo;|600||on|||||&raquo; text_text_color=&raquo;#ffffff&raquo; text_font_size=&raquo;22px&raquo; header_font=&raquo;|700||on|||||&raquo; header_text_color=&raquo;#FFFFFF&raquo; header_font_size=&raquo;67px&raquo; header_2_font=&raquo;|700|||||||&raquo; header_2_text_color=&raquo;#ffffff&raquo; header_2_font_size=&raquo;67px&raquo; header_3_font=&raquo;|700||on|||||&raquo; header_3_text_color=&raquo;#ffffff&raquo; text_orientation=&raquo;right&raquo; custom_padding=&raquo;|||20px|false|false&raquo; hover_enabled=&raquo;0&#8243; text_font_size_tablet=&raquo;20px&raquo; text_font_size_phone=&raquo;15px&raquo; text_font_size_last_edited=&raquo;on|phone&raquo; header_font_size_tablet=&raquo;52px&raquo; header_font_size_phone=&raquo;32px&raquo; header_font_size_last_edited=&raquo;on|phone&raquo; header_2_font_size_tablet=&raquo;52px&raquo; header_2_font_size_phone=&raquo;40px&raquo; header_2_font_size_last_edited=&raquo;on|phone&raquo; header_3_font_size_tablet=&raquo;52px&raquo; header_3_font_size_phone=&raquo;32px&raquo; header_3_font_size_last_edited=&raquo;on|phone&raquo; text_text_shadow_style=&raquo;preset1&#8243; header_text_shadow_style=&raquo;preset1&#8243; header_2_text_shadow_style=&raquo;preset1&#8243; global_colors_info=&raquo;{}&raquo; sticky_enabled=&raquo;0&#8243; header_3_font_size=&raquo;67px&raquo; header_3_text_align=&raquo;left&raquo; header_2_text_align=&raquo;left&raquo; header_text_align=&raquo;left&raquo;]<\/p>\n<h3 style=\"text-align: left;\">PERSONVERNERKL\u00c6RING<\/h3>\n<p style=\"text-align: left;\">Valle Camping AB<\/p>\n<p>[\/et_pb_text][\/et_pb_column][\/et_pb_row][\/et_pb_section][et_pb_section fb_built=&raquo;1&#8243; _builder_version=&raquo;4.16&#8243; background_color=&raquo;rgba(177,193,204,0.32)&raquo; top_divider_style=&raquo;wave2&#8243; top_divider_color=&raquo;#a9bdcc&raquo; bottom_divider_style=&raquo;wave2&#8243; bottom_divider_color=&raquo;#a9bdcc&raquo; da_disable_devices=&raquo;off|off|off&raquo; global_colors_info=&raquo;{}&raquo; da_is_popup=&raquo;off&raquo; da_exit_intent=&raquo;off&raquo; da_has_close=&raquo;on&raquo; da_alt_close=&raquo;off&raquo; da_dark_close=&raquo;off&raquo; da_not_modal=&raquo;on&raquo; da_is_singular=&raquo;off&raquo; da_with_loader=&raquo;off&raquo; da_has_shadow=&raquo;on&raquo;][et_pb_row use_custom_gutter=&raquo;on&raquo; gutter_width=&raquo;2&#8243; _builder_version=&raquo;4.16&#8243; background_size=&raquo;initial&raquo; background_position=&raquo;top_left&raquo; background_repeat=&raquo;repeat&raquo; width=&raquo;90%&raquo; max_width=&raquo;1280px&raquo; custom_margin=&raquo;-120px|auto||auto|false|false&raquo; custom_margin_tablet=&raquo;-100px||||false|false&raquo; custom_margin_phone=&raquo;-100px||||false|false&raquo; custom_margin_last_edited=&raquo;on|phone&raquo; global_colors_info=&raquo;{}&raquo;][et_pb_column type=&raquo;4_4&#8243; _builder_version=&raquo;4.16&#8243; custom_padding=&raquo;|||&raquo; global_colors_info=&raquo;{}&raquo; custom_padding__hover=&raquo;|||&raquo;][et_pb_text _builder_version=&raquo;4.27.4&#8243; text_font=&raquo;||||||||&raquo; text_line_height=&raquo;2em&raquo; header_font=&raquo;|700||on|||||&raquo; header_2_font=&raquo;|700||on|||||&raquo; header_2_text_color=&raquo;#002754&#8243; header_2_font_size=&raquo;19px&raquo; header_2_line_height=&raquo;1.2em&raquo; header_3_font=&raquo;|700|||||||&raquo; header_4_font=&raquo;|700|||||||&raquo; header_4_text_color=&raquo;#002754&#8243; header_5_line_height=&raquo;1.1em&raquo; header_6_font=&raquo;|700||on|||||&raquo; header_6_text_color=&raquo;#002754&#8243; header_6_font_size=&raquo;16px&raquo; header_6_letter_spacing=&raquo;5px&raquo; header_6_line_height=&raquo;1.8em&raquo; background_color=&raquo;rgba(255,255,255,0.71)&raquo; max_width=&raquo;1440px&raquo; module_alignment=&raquo;left&raquo; custom_margin=&raquo;|||0px|false|false&raquo; custom_padding=&raquo;20px|20px|20px|20px|true|true&raquo; hover_enabled=&raquo;0&#8243; border_radii=&raquo;on|10px|10px|10px|10px&raquo; global_colors_info=&raquo;{}&raquo; header_text_color=&raquo;#002754&#8243; sticky_enabled=&raquo;0&#8243;]<!-- divi:heading --><\/p>\n<p>Denne personvernerkl\u00e6ringen beskriver hvordan vi hos Valle Camping AB (Valle campingstugor) behandler dine personopplysninger innenfor rammen av v\u00e5r virksomhet.<\/p>\n<p>DENNE PERSONVERNERKL\u00c6RINGEN ER GITT P\u00c5 SVENSK OG ER OVERSATT TIL FLERE SPR\u00c5K FOR \u00c5 GJ\u00d8RE DEN ENKLERE \u00c5 FORST\u00c5. DEN SVENSKE VERSJONEN ER LIKEVEL DEN JURIDISK BINDENDE TEKSTEN. VED EVENTUELLE UOVERENSSTEMMELSER ELLER FEIL I OVERSETTELSENE ER DET DEN SVENSKE ORIGINALVERSJONEN SOM GJELDER.  <\/p>\n<p>&nbsp;<\/p>\n<h1>Personvernerkl\u00e6ring<\/h1>\n<p>Med personopplysninger menes all informasjon som direkte eller indirekte kan knyttes til en levende fysisk person. Les denne personvernerkl\u00e6ringen n\u00f8ye for \u00e5 forst\u00e5 hvordan og til hvilke form\u00e5l vi behandler dine personopplysninger. <\/p>\n<p>Vi behandler dine personopplysninger n\u00e5r du bruker v\u00e5re tjenester som beskrevet nedenfor. Ditt personvern er viktig for oss, og vi f\u00f8lger til enhver tid gjeldende lovgivning som har som form\u00e5l \u00e5 beskytte deg som individ. Denne personvernerkl\u00e6ringen danner grunnlaget for hvordan vi behandler personopplysninger du gir oss eller som vi samler inn om deg n\u00e5r du bruker en av v\u00e5re tjenester. Enkelte tjenester har ogs\u00e5 egne vilk\u00e5r som m\u00e5 godkjennes f\u00f8r bruk.   <\/p>\n<p>Valle Camping driver blant annet utleie av hytter og campingplasser, og vi behandler personopplysninger hovedsakelig for \u00e5 administrere dine bestillinger, tilby, utvikle og vedlikeholde v\u00e5re tjenester, optimalisere opplevelsen og for \u00e5 kommunisere med deg. Ved endringer i denne erkl\u00e6ringen vil vi informere om det, for eksempel via v\u00e5r nettside. Hvis du gir oss opplysninger om andre personer, er du ansvarlig for at vi har rett til \u00e5 behandle disse i henhold til denne erkl\u00e6ringen.  <\/p>\n<h2>HVORDAN VI SAMLER INN OG BEHANDLER DINE PERSONOPPLYSNINGER<\/h2>\n<p>Valle Camping behandler kun dine personopplysninger i samsvar med gjeldende lovgivning. Vi kan samle inn opplysninger direkte fra deg n\u00e5r du bruker v\u00e5re tjenester (f.eks. bestiller en hytte). Vi kan ogs\u00e5 motta og overf\u00f8re opplysninger om deg fra samarbeidspartnere (f.eks. hvis du bestiller via et eksternt bookingsystem). Vi bruker metoder som informasjonskapsler (cookies), e-post, kundeunders\u00f8kelser og kundeservice for \u00e5 innhente opplysninger. Innsamlingsmetode og form\u00e5l varierer avhengig av hvilken tjeneste du bruker.    <\/p>\n<p>Valle Camping vil behandle dine personopplysninger for form\u00e5lene som er angitt nedenfor, samt de form\u00e5l som beskrives for deg i forbindelse med tjenestene du bruker. Dersom det uttrykkelig kreves av lovverket at vi innhenter et samtykke fra deg, vil vi innhente dette f\u00f8r behandlingen finner sted. <\/p>\n<h2>DISSE PERSONOPPLYSNINGENE BEHANDLER VI OG HVORFOR<\/h2>\n<h4>Administrere bestilling<\/h4>\n<p>N\u00e5r du bestiller hytte, campingplass eller rom hos oss, behandler vi dine personopplysninger for \u00e5 kunne tilby, administrere og f\u00f8lge opp bestillingen samt motta betaling. Dette inkluderer ogs\u00e5 p\u00e5minnelser og informasjon knyttet til oppholdet. <\/p>\n<p>Du m\u00e5 oppgi n\u00f8dvendige opplysninger for at vi skal kunne gjennomf\u00f8re bestillingen. Ved bestilling p\u00e5 vegne av andre er du ansvarlig for at du har tillatelse til at Valle Camping behandler disse personenes data i henhold til denne erkl\u00e6ringen. <\/p>\n<p>Dine personopplysninger og annen informasjon om bestillingen kan overf\u00f8res til v\u00e5re underleverand\u00f8rer (for eksempel leverand\u00f8rer av IT- og bookingsystemer, analyse- og annonsetjenester), b\u00e5de innenfor og utenfor EU\/E\u00d8S.<\/p>\n<p>Vi behandler f\u00f8lgende opplysninger:<\/p>\n<ul>\n<li>Identitetsopplysninger: for- og etternavn <\/li>\n<li>Kontaktopplysninger: e-post, telefonnummer, adresse, nasjonalitet <\/li>\n<li>IP-adresse og informasjonskapsler ved bestilling via nettside<\/li>\n<li>Kort-\/betalingsinformasjon<\/li>\n<li>Spesielle \u00f8nsker og behov<\/li>\n<li>Opplysninger du selv velger \u00e5 dele i kommentarfelt, e-post osv.<\/li>\n<li>Eventuelle sensitive opplysninger som helseinformasjon ved behov for tilrettelegging<\/li>\n<li>Opplysninger om medreisende<\/li>\n<\/ul>\n<p>Behandlingsgrunnlag: Behandlingen er n\u00f8dvendig for \u00e5 kunne oppfylle avtalen mellom deg og oss.<\/p>\n<p>Lagringstid: Opplysningene lagres i 12 m\u00e5neder etter avsluttet opphold. Hvis du har valgt \u00e5 motta informasjon fra oss (nyhetsbrev, kampanjer m.m.), lagres opplysningene lenger for \u00e5 kunne tilby deg bedre service ved neste bestilling. <\/p>\n<h4>Nyhetsbrev, samtykke og markedsf\u00f8ring<\/h4>\n<p>Dersom du abonnerer p\u00e5 v\u00e5re nyheter eller har samtykket til det, bruker vi dine personopplysninger for \u00e5 administrere og f\u00f8lge opp abonnementet. Dette inkluderer informasjon, kommunikasjon og kundehenvendelser. Vi kan ogs\u00e5 kontakte deg for \u00e5 sikre at opplysningene dine er korrekte.  <\/p>\n<p>Med et aktivt abonnement kan vi tilby mer relevante tilbud og tilpassede opplevelser. <\/p>\n<p>Vi kan sende nyhetsbrev og tilbud s\u00e5 lenge kundeforholdet varer. Unders\u00f8kelser kan ogs\u00e5 forekomme. Behandlingen baserer seg p\u00e5 samtykke eller berettiget interesse.    <\/p>\n<p>Dersom du ikke lenger \u00f8nsker nyhetsbrev, kan du melde deg av via lenke i e-post eller kontakte oss. Ved avmelding slettes eller anonymiseres dine opplysninger. <\/p>\n<p>Vi behandler f\u00f8lgende opplysninger:<\/p>\n<ul>\n<li>Identitetsopplysninger: for- og etternavn <\/li>\n<li>Kontaktopplysninger f.eks. e-postadresse, mobiltelefonnummer, adresse, nasjonalitet <\/li>\n<li>IP-adresse<\/li>\n<li>Spesielle \u00f8nsker og behov<\/li>\n<li>Etter eget initiativ kan sensitive personopplysninger behandles, for eksempel informasjon om din helsetilstand som stiller spesielle krav til overnattingen.<\/li>\n<li>Andre opplysninger om tidligere bestillinger og andre opplysninger som du gir i forbindelse med din bestilling (f.eks. om \u00f8vrige personer i reisef\u00f8lget ditt)<\/li>\n<\/ul>\n<p>Rettslig grunnlag for denne behandlingen av personopplysninger: Behandlingen er n\u00f8dvendig for \u00e5 kunne levere tjenester og oppfylle avtalen med deg. Behandlingen kan ogs\u00e5 v\u00e6re basert p\u00e5 v\u00e5r berettigede interesse i \u00e5 sende direkte markedsf\u00f8ring. <\/p>\n<p>S\u00e5 lenge lagrer vi dine opplysninger:<br \/>S\u00e5 lenge kundeforholdet til deg best\u00e5r eller inntil abonnementet avsluttes, og i en periode p\u00e5 12 m\u00e5neder etter det, eller tidligere dersom du protesterer mot videre behandling. Dersom behandlingen er basert p\u00e5 samtykke, lagres opplysningene frem til du trekker tilbake samtykket. <\/p>\n<h4>Forpliktelser som bygger p\u00e5 rettslige grunner<\/h4>\n<p>Som f\u00f8lge av lov, domstol eller vedtak fra myndighet kan vi behandle dine personopplysninger med det form\u00e5l \u00e5 oppfylle en rettslig forpliktelse, for eksempel i henhold til skattelover, bokf\u00f8ringslover, vedtak fra politimyndighet eller annen myndighet. <\/p>\n<p>Vi behandler f\u00f8lgende opplysninger:<\/p>\n<ul>\n<li>Identitetsopplysninger: for- og etternavn <\/li>\n<li>Betalingsinformasjon<\/li>\n<li>Bestillingsopplysninger<\/li>\n<li>Kontaktopplysninger, for eksempel adresse, e-postadresse, telefonnummer, nasjonalitet<\/li>\n<li>Kvitteringsopplysninger, f.eks. opplysninger om gjennomf\u00f8rte kj\u00f8p <\/li>\n<\/ul>\n<p>Rettslig grunnlag for denne behandlingen av personopplysninger: Behandlingen er basert p\u00e5 rettslige forpliktelser.<\/p>\n<p>S\u00e5 lenge lagrer vi dine opplysninger: S\u00e5 lenge det er n\u00f8dvendig for \u00e5 oppfylle v\u00e5re rettslige forpliktelser.<\/p>\n<h4>Behandling av kundeservicehenvendelser<\/h4>\n<p>Vi kan behandle dine personopplysninger med det form\u00e5l \u00e5 h\u00e5ndtere ulike former for kundeservicehenvendelser, for eksempel for \u00e5 svare p\u00e5, bist\u00e5, f\u00f8lge opp eller h\u00e5ndtere din sak. Dette omfatter all kommunikasjon som kreves for \u00e5 besvare eventuelle sp\u00f8rsm\u00e5l du har stilt til v\u00e5r kundeservice via telefon, e-post, sosiale medier, skjemaer, unders\u00f8kelser eller en av v\u00e5re andre kommunikasjonskanaler. Behandlingen av personopplysninger som omfattes av dette form\u00e5let er v\u00e5r rett til \u00e5 unders\u00f8ke ulike former for klager, reklamasjoner eller supporthenvendelser, inkludert all teknisk support og muligheter til \u00e5 bearbeide informasjon for utvikling og forbedring av virksomheten.  <\/p>\n<p>Vi behandler f\u00f8lgende opplysninger:<\/p>\n<ul>\n<li>Identitetsopplysninger, f.eks. for- og etternavn, profilnavn og lignende <\/li>\n<li>Eventuelle bestillingsopplysninger<\/li>\n<li>Kontaktopplysninger, for eksempel e-postadresse, telefonnummer, adresse<\/li>\n<li>Tekniske opplysninger, f.eks. om ditt utstyr<\/li>\n<li>Sensitive personopplysninger som helsetilstand dersom du velger \u00e5 dele slike<\/li>\n<li>Kvitteringsopplysninger, f.eks. bestillinger og opplysninger om gjennomf\u00f8rte kj\u00f8p<\/li>\n<li>Alle \u00f8vrige personopplysninger du gir oss i forbindelse med for eksempel en kundeservicesak<\/li>\n<\/ul>\n<p>Rettslig grunnlag for denne behandlingen av personopplysninger: Behandlingen er basert p\u00e5 v\u00e5r berettigede interesse i \u00e5 h\u00e5ndtere kundeservicehenvendelser og tilby v\u00e5re tjenester til deg.<\/p>\n<p>S\u00e5 lenge lagrer vi dine opplysninger: 12 m\u00e5neder etter at saken er avsluttet, ettersom vi m\u00e5 kunne administrere og tilby eventuell oppf\u00f8lging av saken din.<\/p>\n<p><strong>Kameraoverv\u00e5king<\/strong><\/p>\n<p>Vi bruker kameraoverv\u00e5king med opptak av bilde og lyd for \u00e5 forebygge, forhindre og etterforske kriminalitet og skadeverk samt for \u00e5 forebygge ulykker. Materialet brukes kun til det ovennevnte form\u00e5let og ikke for \u00e5 kartlegge enkeltpersoner. Dersom det ikke foreligger mistanke om kriminalitet eller skadeverk, lagres materialet maksimalt i 72 timer, ellers frem til anmeldelse hos politiet eller annen kriminalitetsforebyggende myndighet er fullf\u00f8rt. For \u00e5 beskytte personvernet har vi iverksatt flere organisatoriske og tekniske tiltak. Ogs\u00e5 plassering og skjerming av kameraer er gjort for \u00e5 minimere inngrep i den personlige integriteten og minimere opptak av personopplysninger. Grunnlaget for denne lagringen er en interesseavveining som <a href=\"https:\/\/www.vallecamping.se\/kamerabevakning\/\">vurderes l\u00f8pende.<\/a>      <\/p>\n<h2>S\u00c5 LENGE LAGRER VI DINE PERSONOPPLYSNINGER<\/h2>\n<p>Dine personopplysninger lagres s\u00e5 lenge det er n\u00f8dvendig for \u00e5 oppfylle de ulike form\u00e5lene med v\u00e5r behandling. Deretter vil vi p\u00e5 en sikker m\u00e5te slette eller anonymisere dine personopplysninger slik at de ikke lenger kan knyttes til deg. For hver behandling som angitt ovenfor finnes en definert lagringsperiode. Lagringsperioden forlenges ved nye saker eller samtykke.   <\/p>\n<p>Valle Camping sletter personopplysninger i henhold til gjeldende lov og i samsvar med kriteriene som er angitt ovenfor. Det betyr for eksempel at vi sletter eller anonymiserer dine personopplysninger n\u00e5r form\u00e5let med behandlingen er oppfylt. <\/p>\n<h2>OVERF\u00d8RING AV PERSONOPPLYSNINGER OG SELSKAPER VI DELER INFORMASJON MED<\/h2>\n<p>Vi kan komme til \u00e5 dele dine personopplysninger med tredjepart. Som angitt ovenfor, kan dine personopplysninger overf\u00f8res til selskaper i form av v\u00e5re underleverand\u00f8rer b\u00e5de innenfor og utenfor EU\/E\u00d8S. <\/p>\n<p>For \u00e5 oppfylle form\u00e5lene med v\u00e5r behandling av dine personopplysninger, kan vi benytte andre selskaper for \u00e5 oppfylle v\u00e5re forpliktelser overfor deg. P\u00e5 grunn av dette deler vi dine personopplysninger med selskaper som leverer tjenester til Valle Camping, inkludert, men ikke begrenset til, v\u00e5re underleverand\u00f8rer for nettsider, telefoni, kundeservice, betalingstjenester, spedisjonstjenester, bookingsystemer, analysetjenester, kommunikasjon, markedsf\u00f8ring, markedsf\u00f8ringsmateriell etc. <\/p>\n<p>Valle Camping kan ogs\u00e5 dele dine personopplysninger med selskaper som h\u00e5ndterer drift, lagring, teknisk support og vedlikehold av v\u00e5re IT-l\u00f8sninger. Videre kan vi utlevere dine personopplysninger til ulike betalingsleverand\u00f8rer i hensikt \u00e5 kunne motta betaling fra deg. V\u00e5re underleverand\u00f8rer behandler bare dine personopplysninger i henhold til v\u00e5re instruksjoner og har ikke lov til \u00e5 bruke dine opplysninger til egne form\u00e5l. De, i likhet med oss, er lovp\u00e5lagt \u00e5 beskytte dine personopplysninger mot uautorisert tilgang eller andre brudd.   <\/p>\n<p>Vi kommer aldri til \u00e5 selge dine personopplysninger, og vi inng\u00e5r alltid avtaler med de selskapene som behandler dine personopplysninger p\u00e5 v\u00e5re vegne. Dette for \u00e5 sikre riktig sikkerhetsniv\u00e5 for behandlingen. I visse tilfeller kan vi overf\u00f8re dine personopplysninger til andre mottakere enn de som er nevnt ovenfor dersom det er n\u00f8dvendig for \u00e5 oppfylle form\u00e5lene nedenfor.  <\/p>\n<h4>Inkassoselskap<\/h4>\n<p>\u00c5rsak<br \/>Dersom du ikke betaler oss for tjenestene du har kj\u00f8pt, kan vi overf\u00f8re dine personopplysninger til et inkassoselskap for \u00e5 kreve inn gjelden din til oss.<\/p>\n<p>Rettslig grunnlag Behandlingen er basert p\u00e5 v\u00e5r berettigede interesse i \u00e5 f\u00e5 betaling.<\/p>\n<h4>Myndigheter, domstol, motparter<\/h4>\n<p>\u00c5rsaker<br \/>Vi kan utlevere personopplysninger om deg til myndigheter dersom vi er lovp\u00e5lagt \u00e5 gj\u00f8re det. I forbindelse med en rettstvist kan vi overf\u00f8re dine personopplysninger til domstol, myndighet eller motpart i hensikt \u00e5 ivareta v\u00e5re rettigheter.<\/p>\n<p>Rettslig grunnlag Behandlingen er n\u00f8dvendig for \u00e5 oppfylle rettslige forpliktelser eller basert p\u00e5 v\u00e5r berettigede interesse i \u00e5 kunne ivareta v\u00e5re rettigheter.<\/p>\n<h2>SLIK BESKYTTER VI DINE PERSONOPPLYSNINGER<\/h2>\n<p>Valle Camping arbeider med tekniske og organisatoriske l\u00f8sninger for \u00e5 beskytte dine personopplysninger mot f.eks. tap, manipulering eller uautorisert tilgang. Ved \u00e5 kontinuerlig tilpasse v\u00e5re sikkerhetstiltak til den tekniske utviklingen opprettholder vi et h\u00f8yt sikkerhetsniv\u00e5.  <\/p>\n<h2>ANDRE NETTSIDER ELLER APPER<\/h2>\n<p>V\u00e5re tjenester kan inneholde lenker til andre nettsider eller apper som ikke kontrolleres av oss. Denne personvernerkl\u00e6ringen gjelder kun for din bruk av Valle Campings egne tjenester. Valle Camping er ikke ansvarlig for innholdet p\u00e5 lenkede nettsider eller for eventuell behandling av personopplysninger som utf\u00f8res av eierne eller operat\u00f8rene av disse.  <\/p>\n<h2>COOKIES<\/h2>\n<p>Vi bruker informasjonskapsler (cookies) som i noen tilfeller automatisk samler inn dine personopplysninger (f.eks. IP-adresse og bruksm\u00f8nster). Vi og v\u00e5re tredjepartsleverand\u00f8rer bruker disse informasjonskapslene (n\u00f8dvendige, funksjonelle og ytelsesorienterte) for \u00e5 forbedre din opplevelse og sikkerheten i v\u00e5re digitale tjenester. Personopplysninger som samles inn via informasjonskapsler kan anonymiseres og brukes i aggregert form til utviklingsform\u00e5l, statistikk, markedsf\u00f8ring og analyse, eller for andre form\u00e5l som enn\u00e5 ikke er kategorisert (analyse, annonsering og annet).  <\/p>\n<h2>DINE RETTIGHETER<\/h2>\n<p>Du har en rekke rettigheter i forbindelse med v\u00e5r behandling av dine personopplysninger. Hvis du \u00f8nsker \u00e5 ut\u00f8ve dine rettigheter, vennligst kontakt oss (kontaktinformasjon nedenfor), s\u00e5 hjelper vi deg. <\/p>\n<h4>Tilgang til personopplysninger<\/h4>\n<p>Du kan kostnadsfritt be om en bekreftelse fra oss p\u00e5 om vi behandler dine personopplysninger, og f\u00e5 tilgang til personopplysningene vi behandler om deg, sammen med informasjon om behandlingen og dine rettigheter i den forbindelse \u2013 et s\u00e5kalt registerutdrag.<\/p>\n<h4>Rettelse av personopplysninger<\/h4>\n<p>Hvis du mener at en personopplysning vi behandler om deg er feilaktig eller ufullstendig, har du rett til \u00e5 be om at vi retter den. For at vi skal kunne oppdatere opplysningene om deg, m\u00e5 du kontakte oss (se kontaktinformasjon nedenfor). Vi er ikke ansvarlige for problemer som oppst\u00e5r som f\u00f8lge av at dine personopplysninger er feil dersom du har unnlatt \u00e5 informere oss om dette.  <\/p>\n<h4>Trekke tilbake samtykke med framtidig virkning<\/h4>\n<p>I den grad vi behandler dine personopplysninger basert p\u00e5 ditt samtykke, har du rett til n\u00e5r som helst \u00e5 trekke tilbake samtykket til behandlingen. Tilbaketrekningen gjelder imidlertid ikke med tilbakevirkende kraft.   <\/p>\n<h4>Motsette deg behandling for direkte markedsf\u00f8ring<\/h4>\n<p>Som nevnt ovenfor har du rett til \u00e5 motsette deg behandling for direkte markedsf\u00f8ring. Du kan melde deg av videre behandling ved \u00e5 klikke p\u00e5 en eventuell avmeldingslenke i utsendelser eller kontakte oss (se kontaktinformasjon nedenfor). Du kan motsette deg behandlinger som er basert p\u00e5 v\u00e5r berettigede interesse dersom du har personlige grunner knyttet til situasjonen. Vi kan likevel fortsette \u00e5 behandle dine personopplysninger dersom vi har tvingende berettigede grunner som veier tyngre enn ditt personvern. <\/p>\n<h4>Sletting<\/h4>\n<p>Du har rett til \u00e5 be om \u00e5 f\u00e5 dine personopplysninger slettet. Dette gjelder imidlertid ikke personopplysninger som vi behandler i henhold til lov eller avtale med deg.   <\/p>\n<h4>Dataportabilitet<\/h4>\n<p>Du kan f\u00e5 en digital kopia i format som vi kan tillhandah\u00e5lla p\u00e5 de Personuppgifter som vi behandlar om dig f\u00f6r att anv\u00e4nda hos annan. R\u00e4tten till dataportabilitet, till skillnad fr\u00e5n r\u00e4tten till registerutdrag, omfattar endast de Personuppgifter du sj\u00e4lv tillhandah\u00e5llit oss och som vi behandlar med st\u00f6d av samtycke eller fullg\u00f6rande av avtal med dig. Du har rett til \u00e5 be om at behandlingen av dine personopplysninger begrenses. Merk at dette i noen tilfeller kan medf\u00f8re at vi ikke kan levere visse tjenester til deg. <\/p>\n<h4>Klage til tilsynsmyndighet<\/h4>\n<p>Hvis du ikke er forn\u00f8yd med v\u00e5r behandling, eller av andre grunner mener at vi har behandlet dine personopplysninger p\u00e5 en feilaktig m\u00e5te, har du rett til \u00e5 sende inn en klage til tilsynsmyndigheten for databeskyttelse.<\/p>\n<h2>KONTAKTINFORMASJON<\/h2>\n<p>Hvis du har sp\u00f8rsm\u00e5l, kommentarer eller klager ang\u00e5ende v\u00e5r behandling av dine personopplysninger eller v\u00e5r etterlevelse av personvernerkl\u00e6ringen og gjeldende personvernlovgivning, er du velkommen til \u00e5 kontakte oss (se kontaktinformasjon nedenfor).<\/p>\n<p><strong>Valle camping AB<\/strong><br \/>Sk\u00e4rv, Per-Larsg\u00e5rden<br \/>SE-532 91 Axvall<br \/>Sverige<br \/>+46(0)511 621 09<br \/>info@vallecamping.se<\/p>\n<p>&nbsp;<\/p>\n<p>&nbsp;<\/p>\n<p>&nbsp;<\/p>\n<p><!-- \/divi:heading -->[\/et_pb_text][\/et_pb_column][\/et_pb_row][\/et_pb_section]<\/p>\n","protected":false},"excerpt":{"rendered":"<p>PERSONVERNERKL\u00c6RING Valle Camping AB Denne personvernerkl\u00e6ringen beskriver hvordan vi hos Valle Camping AB (Valle campingstugor) behandler dine personopplysninger innenfor rammen av v\u00e5r virksomhet. DENNE PERSONVERNERKL\u00c6RINGEN ER GITT P\u00c5 SVENSK OG ER OVERSATT TIL FLERE SPR\u00c5K FOR \u00c5 GJ\u00d8RE DEN ENKLERE \u00c5 FORST\u00c5. DEN SVENSKE VERSJONEN ER LIKEVEL DEN JURIDISK BINDENDE TEKSTEN. VED EVENTUELLE UOVERENSSTEMMELSER ELLER [&hellip;]<\/p>\n","protected":false},"author":1,"featured_media":0,"parent":0,"menu_order":0,"comment_status":"closed","ping_status":"open","template":"","meta":{"_et_pb_use_builder":"on","_et_pb_old_content":"","_et_gb_content_width":"","footnotes":""},"class_list":["post-15896","page","type-page","status-publish","hentry"],"yoast_head":"<!-- This site is optimized with the Yoast SEO plugin v27.5 - https:\/\/yoast.com\/product\/yoast-seo-wordpress\/ -->\n<title>Personvernerkl\u00e6ring - Valle Camping AB<\/title>\n<meta name=\"description\" content=\"Her finner du informasjon om hvordan vi behandler personopplysninger i forbindelse med for eksempel ditt bes\u00f8k p\u00e5 nettsiden, din bestilling osv.\" \/>\n<meta name=\"robots\" content=\"index, follow, max-snippet:-1, max-image-preview:large, max-video-preview:-1\" \/>\n<link rel=\"canonical\" href=\"https:\/\/www.vallecamping.se\/no\/personvernerklaering\/\" \/>\n<meta property=\"og:locale\" content=\"nb_NO\" \/>\n<meta property=\"og:type\" content=\"article\" \/>\n<meta property=\"og:title\" content=\"Personvernerkl\u00e6ring - Valle Camping AB\" \/>\n<meta property=\"og:description\" content=\"Her finner du informasjon om hvordan vi behandler personopplysninger i forbindelse med for eksempel ditt bes\u00f8k p\u00e5 nettsiden, din bestilling osv.\" \/>\n<meta property=\"og:url\" content=\"https:\/\/www.vallecamping.se\/no\/personvernerklaering\/\" \/>\n<meta property=\"og:site_name\" content=\"Valle Camping AB\" \/>\n<meta property=\"article:publisher\" content=\"https:\/\/www.facebook.com\/vallecamping\" \/>\n<meta property=\"article:modified_time\" content=\"2025-05-30T15:16:43+00:00\" \/>\n<meta name=\"twitter:card\" content=\"summary_large_image\" \/>\n<meta name=\"twitter:label1\" content=\"Ansl. lesetid\" \/>\n\t<meta name=\"twitter:data1\" content=\"15 minutter\" \/>\n<script type=\"application\/ld+json\" class=\"yoast-schema-graph\">{\"@context\":\"https:\\\/\\\/schema.org\",\"@graph\":[{\"@type\":\"WebPage\",\"@id\":\"https:\\\/\\\/www.vallecamping.se\\\/no\\\/personvernerklaering\\\/\",\"url\":\"https:\\\/\\\/www.vallecamping.se\\\/no\\\/personvernerklaering\\\/\",\"name\":\"Personvernerkl\u00e6ring - Valle Camping AB\",\"isPartOf\":{\"@id\":\"https:\\\/\\\/www.vallecamping.se\\\/no\\\/#website\"},\"datePublished\":\"2020-09-30T20:44:52+00:00\",\"dateModified\":\"2025-05-30T15:16:43+00:00\",\"description\":\"Her finner du informasjon om hvordan vi behandler personopplysninger i forbindelse med for eksempel ditt bes\u00f8k p\u00e5 nettsiden, din bestilling osv.\",\"breadcrumb\":{\"@id\":\"https:\\\/\\\/www.vallecamping.se\\\/no\\\/personvernerklaering\\\/#breadcrumb\"},\"inLanguage\":\"nb-NO\",\"potentialAction\":[{\"@type\":\"ReadAction\",\"target\":[\"https:\\\/\\\/www.vallecamping.se\\\/no\\\/personvernerklaering\\\/\"]}]},{\"@type\":\"BreadcrumbList\",\"@id\":\"https:\\\/\\\/www.vallecamping.se\\\/no\\\/personvernerklaering\\\/#breadcrumb\",\"itemListElement\":[{\"@type\":\"ListItem\",\"position\":1,\"name\":\"Hem\",\"item\":\"https:\\\/\\\/www.vallecamping.se\\\/no\\\/camping-naer-skara-sommarland\\\/\"},{\"@type\":\"ListItem\",\"position\":2,\"name\":\"Personvernerkl\u00e6ring\"}]},{\"@type\":\"WebSite\",\"@id\":\"https:\\\/\\\/www.vallecamping.se\\\/no\\\/#website\",\"url\":\"https:\\\/\\\/www.vallecamping.se\\\/no\\\/\",\"name\":\"Valle Camping AB\",\"description\":\"Valle Camping - Stugor, camping, st\u00e4llplatser och vandrarhem vid sj\u00f6 i vackra Valle n\u00e4ra Skara sommarland, Hornborgasj\u00f6n, Varnhems klosterkyrka, Kata g\u00e5rd med mera\",\"publisher\":{\"@id\":\"https:\\\/\\\/www.vallecamping.se\\\/no\\\/#organization\"},\"alternateName\":\"Valle camping\",\"potentialAction\":[{\"@type\":\"SearchAction\",\"target\":{\"@type\":\"EntryPoint\",\"urlTemplate\":\"https:\\\/\\\/www.vallecamping.se\\\/no\\\/?s={search_term_string}\"},\"query-input\":{\"@type\":\"PropertyValueSpecification\",\"valueRequired\":true,\"valueName\":\"search_term_string\"}}],\"inLanguage\":\"nb-NO\"},{\"@type\":\"Organization\",\"@id\":\"https:\\\/\\\/www.vallecamping.se\\\/no\\\/#organization\",\"name\":\"Valle camping AB\",\"alternateName\":\"Valle camping\",\"url\":\"https:\\\/\\\/www.vallecamping.se\\\/no\\\/\",\"logo\":{\"@type\":\"ImageObject\",\"inLanguage\":\"nb-NO\",\"@id\":\"https:\\\/\\\/www.vallecamping.se\\\/no\\\/#\\\/schema\\\/logo\\\/image\\\/\",\"url\":\"https:\\\/\\\/www.vallecamping.se\\\/wp-content\\\/uploads\\\/2023\\\/03\\\/Valle-Camping-Icon2303-1.png\",\"contentUrl\":\"https:\\\/\\\/www.vallecamping.se\\\/wp-content\\\/uploads\\\/2023\\\/03\\\/Valle-Camping-Icon2303-1.png\",\"width\":500,\"height\":496,\"caption\":\"Valle camping AB\"},\"image\":{\"@id\":\"https:\\\/\\\/www.vallecamping.se\\\/no\\\/#\\\/schema\\\/logo\\\/image\\\/\"},\"sameAs\":[\"https:\\\/\\\/www.facebook.com\\\/vallecamping\",\"https:\\\/\\\/www.instagram.com\\\/vallecampingstugor\\\/\",\"https:\\\/\\\/www.youtube.com\\\/channel\\\/UCoJUm2JGJm1kc46V1JnI47Q\"]}]}<\/script>\n<!-- \/ Yoast SEO plugin. -->","yoast_head_json":{"title":"Personvernerkl\u00e6ring - Valle Camping AB","description":"Her finner du informasjon om hvordan vi behandler personopplysninger i forbindelse med for eksempel ditt bes\u00f8k p\u00e5 nettsiden, din bestilling osv.","robots":{"index":"index","follow":"follow","max-snippet":"max-snippet:-1","max-image-preview":"max-image-preview:large","max-video-preview":"max-video-preview:-1"},"canonical":"https:\/\/www.vallecamping.se\/no\/personvernerklaering\/","og_locale":"nb_NO","og_type":"article","og_title":"Personvernerkl\u00e6ring - Valle Camping AB","og_description":"Her finner du informasjon om hvordan vi behandler personopplysninger i forbindelse med for eksempel ditt bes\u00f8k p\u00e5 nettsiden, din bestilling osv.","og_url":"https:\/\/www.vallecamping.se\/no\/personvernerklaering\/","og_site_name":"Valle Camping AB","article_publisher":"https:\/\/www.facebook.com\/vallecamping","article_modified_time":"2025-05-30T15:16:43+00:00","twitter_card":"summary_large_image","twitter_misc":{"Ansl. lesetid":"15 minutter"},"schema":{"@context":"https:\/\/schema.org","@graph":[{"@type":"WebPage","@id":"https:\/\/www.vallecamping.se\/no\/personvernerklaering\/","url":"https:\/\/www.vallecamping.se\/no\/personvernerklaering\/","name":"Personvernerkl\u00e6ring - Valle Camping AB","isPartOf":{"@id":"https:\/\/www.vallecamping.se\/no\/#website"},"datePublished":"2020-09-30T20:44:52+00:00","dateModified":"2025-05-30T15:16:43+00:00","description":"Her finner du informasjon om hvordan vi behandler personopplysninger i forbindelse med for eksempel ditt bes\u00f8k p\u00e5 nettsiden, din bestilling osv.","breadcrumb":{"@id":"https:\/\/www.vallecamping.se\/no\/personvernerklaering\/#breadcrumb"},"inLanguage":"nb-NO","potentialAction":[{"@type":"ReadAction","target":["https:\/\/www.vallecamping.se\/no\/personvernerklaering\/"]}]},{"@type":"BreadcrumbList","@id":"https:\/\/www.vallecamping.se\/no\/personvernerklaering\/#breadcrumb","itemListElement":[{"@type":"ListItem","position":1,"name":"Hem","item":"https:\/\/www.vallecamping.se\/no\/camping-naer-skara-sommarland\/"},{"@type":"ListItem","position":2,"name":"Personvernerkl\u00e6ring"}]},{"@type":"WebSite","@id":"https:\/\/www.vallecamping.se\/no\/#website","url":"https:\/\/www.vallecamping.se\/no\/","name":"Valle Camping AB","description":"Valle Camping - Stugor, camping, st\u00e4llplatser och vandrarhem vid sj\u00f6 i vackra Valle n\u00e4ra Skara sommarland, Hornborgasj\u00f6n, Varnhems klosterkyrka, Kata g\u00e5rd med mera","publisher":{"@id":"https:\/\/www.vallecamping.se\/no\/#organization"},"alternateName":"Valle camping","potentialAction":[{"@type":"SearchAction","target":{"@type":"EntryPoint","urlTemplate":"https:\/\/www.vallecamping.se\/no\/?s={search_term_string}"},"query-input":{"@type":"PropertyValueSpecification","valueRequired":true,"valueName":"search_term_string"}}],"inLanguage":"nb-NO"},{"@type":"Organization","@id":"https:\/\/www.vallecamping.se\/no\/#organization","name":"Valle camping AB","alternateName":"Valle camping","url":"https:\/\/www.vallecamping.se\/no\/","logo":{"@type":"ImageObject","inLanguage":"nb-NO","@id":"https:\/\/www.vallecamping.se\/no\/#\/schema\/logo\/image\/","url":"https:\/\/www.vallecamping.se\/wp-content\/uploads\/2023\/03\/Valle-Camping-Icon2303-1.png","contentUrl":"https:\/\/www.vallecamping.se\/wp-content\/uploads\/2023\/03\/Valle-Camping-Icon2303-1.png","width":500,"height":496,"caption":"Valle camping AB"},"image":{"@id":"https:\/\/www.vallecamping.se\/no\/#\/schema\/logo\/image\/"},"sameAs":["https:\/\/www.facebook.com\/vallecamping","https:\/\/www.instagram.com\/vallecampingstugor\/","https:\/\/www.youtube.com\/channel\/UCoJUm2JGJm1kc46V1JnI47Q"]}]}},"_links":{"self":[{"href":"https:\/\/www.vallecamping.se\/no\/wp-json\/wp\/v2\/pages\/15896","targetHints":{"allow":["GET"]}}],"collection":[{"href":"https:\/\/www.vallecamping.se\/no\/wp-json\/wp\/v2\/pages"}],"about":[{"href":"https:\/\/www.vallecamping.se\/no\/wp-json\/wp\/v2\/types\/page"}],"author":[{"embeddable":true,"href":"https:\/\/www.vallecamping.se\/no\/wp-json\/wp\/v2\/users\/1"}],"replies":[{"embeddable":true,"href":"https:\/\/www.vallecamping.se\/no\/wp-json\/wp\/v2\/comments?post=15896"}],"version-history":[{"count":4,"href":"https:\/\/www.vallecamping.se\/no\/wp-json\/wp\/v2\/pages\/15896\/revisions"}],"predecessor-version":[{"id":15908,"href":"https:\/\/www.vallecamping.se\/no\/wp-json\/wp\/v2\/pages\/15896\/revisions\/15908"}],"wp:attachment":[{"href":"https:\/\/www.vallecamping.se\/no\/wp-json\/wp\/v2\/media?parent=15896"}],"curies":[{"name":"wp","href":"https:\/\/api.w.org\/{rel}","templated":true}]}}