{"id":14121,"date":"2025-02-14T15:01:58","date_gmt":"2025-02-14T15:01:58","guid":{"rendered":"https:\/\/www.vallecamping.se\/?page_id=14121"},"modified":"2025-05-30T21:21:17","modified_gmt":"2025-05-30T21:21:17","slug":"camperplaatsen-2","status":"publish","type":"page","link":"https:\/\/www.vallecamping.se\/nl\/camperplaatsen-2\/","title":{"rendered":"CAMPERPLAATSEN BOEKEN"},"content":{"rendered":"<p>[et_pb_section fb_built=&#8221;1&#8243; admin_label=&#8221;Header&#8221; _builder_version=&#8221;4.16&#8243; background_image=&#8221;https:\/\/www.vallecamping.se\/wp-content\/uploads\/2021\/05\/Stallplatser_valle_camping.jpg&#8221; custom_margin=&#8221;-280px||||false|false&#8221; custom_margin_tablet=&#8221;-300px||||false|false&#8221; custom_margin_phone=&#8221;-340px||||false|false&#8221; custom_margin_last_edited=&#8221;on|phone&#8221; custom_padding=&#8221;8vw||4vw||false|&#8221; bottom_divider_style=&#8221;wave2&#8243; bottom_divider_color=&#8221;#a9bdcc&#8221; da_disable_devices=&#8221;off|off|off&#8221; global_colors_info=&#8221;{}&#8221; da_is_popup=&#8221;off&#8221; da_exit_intent=&#8221;off&#8221; da_has_close=&#8221;on&#8221; da_alt_close=&#8221;off&#8221; da_dark_close=&#8221;off&#8221; da_not_modal=&#8221;on&#8221; da_is_singular=&#8221;off&#8221; da_with_loader=&#8221;off&#8221; da_has_shadow=&#8221;on&#8221;][et_pb_row use_custom_gutter=&#8221;on&#8221; gutter_width=&#8221;2&#8243; custom_padding_last_edited=&#8221;on|phone&#8221; _builder_version=&#8221;4.16&#8243; _module_preset=&#8221;default&#8221; width=&#8221;90%&#8221; width_tablet=&#8221;90%&#8221; width_phone=&#8221;90%&#8221; width_last_edited=&#8221;on|tablet&#8221; max_width=&#8221;1280px&#8221; custom_padding=&#8221;150px||||false|false&#8221; custom_padding_tablet=&#8221;&#8221; custom_padding_phone=&#8221;185px||||false|false&#8221; global_colors_info=&#8221;{}&#8221;][et_pb_column type=&#8221;4_4&#8243; _builder_version=&#8221;4.27.4&#8243; _module_preset=&#8221;default&#8221; global_colors_info=&#8221;{}&#8221;][et_pb_text _builder_version=&#8221;4.27.4&#8243; _module_preset=&#8221;default&#8221; text_font=&#8221;|600||on|||||&#8221; text_text_color=&#8221;#ffffff&#8221; text_font_size=&#8221;22px&#8221; header_font=&#8221;|700|||||||&#8221; header_text_color=&#8221;#FFFFFF&#8221; header_font_size=&#8221;63px&#8221; header_2_font=&#8221;|700|||||||&#8221; header_2_text_color=&#8221;#ffffff&#8221; header_2_font_size=&#8221;67px&#8221; header_3_font=&#8221;|600|||||||&#8221; header_3_text_color=&#8221;#ffffff&#8221; custom_padding=&#8221;|||20px|false|false&#8221; text_font_size_tablet=&#8221;20px&#8221; text_font_size_phone=&#8221;15px&#8221; text_font_size_last_edited=&#8221;on|phone&#8221; header_font_size_tablet=&#8221;49px&#8221; header_font_size_phone=&#8221;38px&#8221; header_font_size_last_edited=&#8221;on|phone&#8221; header_2_font_size_tablet=&#8221;52px&#8221; header_2_font_size_phone=&#8221;40px&#8221; header_2_font_size_last_edited=&#8221;on|phone&#8221; header_3_font_size_tablet=&#8221;19px&#8221; header_3_font_size_phone=&#8221;15px&#8221; header_3_font_size_last_edited=&#8221;on|desktop&#8221; text_text_shadow_style=&#8221;preset1&#8243; header_text_shadow_style=&#8221;preset1&#8243; header_2_text_shadow_style=&#8221;preset1&#8243; global_colors_info=&#8221;{}&#8221;]<\/p>\n<h1>ZELFINCHECKEN CAMPERPLAATS<\/h1>\n<p>Camper<\/p>\n<p>[\/et_pb_text][\/et_pb_column][\/et_pb_row][\/et_pb_section][et_pb_section fb_built=&#8221;1&#8243; admin_label=&#8221;About&#8221; _builder_version=&#8221;4.16&#8243; background_image=&#8221;https:\/\/www.vallecamping.se\/wp-content\/uploads\/2020\/11\/bAKGRUND1.png&#8221; parallax=&#8221;on&#8221; parallax_method=&#8221;off&#8221; custom_padding=&#8221;||13px|||&#8221; top_divider_style=&#8221;wave&#8221; top_divider_color=&#8221;#A9BDCC &#8221; top_divider_height=&#8221;53px&#8221; bottom_divider_style=&#8221;wave2&#8243; bottom_divider_color=&#8221;#A9BDCC &#8221; da_disable_devices=&#8221;off|off|off&#8221; global_colors_info=&#8221;{}&#8221; da_is_popup=&#8221;off&#8221; da_exit_intent=&#8221;off&#8221; da_has_close=&#8221;on&#8221; da_alt_close=&#8221;off&#8221; da_dark_close=&#8221;off&#8221; da_not_modal=&#8221;on&#8221; da_is_singular=&#8221;off&#8221; da_with_loader=&#8221;off&#8221; da_has_shadow=&#8221;on&#8221;][et_pb_row column_structure=&#8221;3_5,2_5&#8243; use_custom_gutter=&#8221;on&#8221; gutter_width=&#8221;2&#8243; custom_padding_last_edited=&#8221;on|desktop&#8221; _builder_version=&#8221;4.16&#8243; width=&#8221;90%&#8221; max_width=&#8221;1280px&#8221; custom_padding=&#8221;0px|20px|0px|20px|false|false&#8221; custom_padding_tablet=&#8221;|0px||0px||true&#8221; custom_padding_phone=&#8221;&#8221; global_colors_info=&#8221;{}&#8221;][et_pb_column type=&#8221;3_5&#8243; _builder_version=&#8221;4.16&#8243; custom_padding=&#8221;|||&#8221; global_colors_info=&#8221;{}&#8221; custom_padding__hover=&#8221;|||&#8221;][et_pb_text _builder_version=&#8221;4.27.4&#8243; text_font=&#8221;||||||||&#8221; text_line_height=&#8221;2em&#8221; header_font=&#8221;||||||||&#8221; header_2_font=&#8221;|700||on|||||&#8221; header_2_text_color=&#8221;#004890&#8243; header_2_font_size=&#8221;19px&#8221; header_2_line_height=&#8221;1.2em&#8221; header_6_font=&#8221;Raleway|700||on|||||&#8221; header_6_font_size=&#8221;16px&#8221; header_6_letter_spacing=&#8221;5px&#8221; header_6_line_height=&#8221;1.8em&#8221; text_orientation=&#8221;center&#8221; max_width=&#8221;1440px&#8221; max_width_last_edited=&#8221;off|desktop&#8221; module_alignment=&#8221;left&#8221; custom_margin=&#8221;|||0px|false|false&#8221; custom_padding=&#8221;|0px||0px|false|false&#8221; hover_enabled=&#8221;0&#8243; header_2_font_size_tablet=&#8221;35px&#8221; header_2_font_size_phone=&#8221;25px&#8221; header_2_font_size_last_edited=&#8221;off|desktop&#8221; global_colors_info=&#8221;{}&#8221; sticky_enabled=&#8221;0&#8243;]<\/p>\n<p style=\"text-align: left;\">Welkom bij de camperplaatsen van Valle Camping! Via het onderstaande formulier check je in en betaal je je standplaats. Je kiest zelf een plek of neemt de toegewezen vrije plaats. De beschikbare plaatsen zie je op de kaart hieronder.   <\/p>\n<p style=\"text-align: left;\">Onze camperplaatsen zijn het grootste deel van het jaar beschikbaar, van het vroege voorjaar tot de herfst. Ze zijn niet vooraf te reserveren, maar beschikbaar zolang de voorraad strekt. Zijn alle camperplaatsen bezet, dan zijn er soms nog gewone <a href=\"https:\/\/www.vallecamping.se\/nl\/camping\/\">kampeerplaatsen <\/a> <a href=\"https:\/\/www.vallecamping.se\/nl\/boeken\/\">beschikbaar <\/a> in het hoogseizoen.  <\/p>\n<p>[\/et_pb_text][et_pb_code _builder_version=&#8221;4.27.4&#8243; _module_preset=&#8221;default&#8221; global_colors_info=&#8221;{}&#8221;]<script async=\"\" data-form-id=\"be75032126888b41\" src=\"https:\/\/secured.sirvoy.com\/widget\/sirvoy.js\"><\/script>[\/et_pb_code][\/et_pb_column][et_pb_column type=&#8221;2_5&#8243; _builder_version=&#8221;4.16&#8243; custom_padding=&#8221;|||&#8221; global_colors_info=&#8221;{}&#8221; custom_padding__hover=&#8221;|||&#8221;][et_pb_text _builder_version=&#8221;4.25.2&#8243; _module_preset=&#8221;default&#8221; text_font=&#8221;|700|||||||&#8221; link_font=&#8221;|700||on|||||&#8221; link_text_color=&#8221;#004890&#8243; custom_margin=&#8221;||-1px|||&#8221; custom_padding=&#8221;||||false|false&#8221; custom_css_main_element=&#8221;table, th, td { border: none; }&#8221; saved_tabs=&#8221;all&#8221; global_colors_info=&#8221;{}&#8221;]<\/p>\n<p style=\"text-align: right;\"><a href=\"https:\/\/www.vallecamping.se\/trivselregler\/\">Huisregels<\/a><a href=\"https:\/\/www.vallecamping.se\/stadning\/\"><\/a><\/p>\n<p style=\"text-align: right;\"><a href=\"https:\/\/www.vallecamping.se\/nl\/toegankelijkheid\/\">Toegankelijkheid<\/a><\/p>\n<p style=\"text-align: right;\"><a href=\"https:\/\/www.vallecamping.se\/praktisk_information\/\">Handig om te weten<\/a><\/p>\n<p style=\"text-align: right;\">Inchecken voor camperplaatsen vanaf 15:00 uur<\/p>\n<p style=\"text-align: right;\">Uitchecken van de camperplaatsen uiterlijk om 12:00 uur<\/p>\n<p style=\"text-align: right;\"><a href=\"#kontakt\">Zijn er vragen? Stuur hier een bericht!<\/a><\/p>\n<p style=\"text-align: right;\">[\/et_pb_text][\/et_pb_column][\/et_pb_row][et_pb_row use_custom_gutter=&#8221;on&#8221; gutter_width=&#8221;2&#8243; make_equal=&#8221;on&#8221; _builder_version=&#8221;4.16&#8243; _module_preset=&#8221;default&#8221; background_color=&#8221;rgba(0,0,0,0)&#8221; width=&#8221;90%&#8221; max_width=&#8221;1280px&#8221; min_height=&#8221;504px&#8221; custom_margin=&#8221;14px|auto||auto|false|false&#8221; custom_margin_tablet=&#8221;&#8221; custom_margin_phone=&#8221;-1px|auto||auto|false|false&#8221; custom_margin_last_edited=&#8221;on|phone&#8221; custom_padding=&#8221;7px||||false|false&#8221; global_colors_info=&#8221;{}&#8221;][et_pb_column type=&#8221;4_4&#8243; _builder_version=&#8221;4.16&#8243; _module_preset=&#8221;default&#8221; background_color=&#8221;rgba(0,0,0,0)&#8221; global_colors_info=&#8221;{}&#8221;][et_pb_blog fullwidth=&#8221;off&#8221; posts_number=&#8221;12&#8243; include_categories=&#8221;52&#8243; excerpt_length=&#8221;75&#8243; show_more=&#8221;on&#8221; show_author=&#8221;off&#8221; show_date=&#8221;off&#8221; show_categories=&#8221;off&#8221; _builder_version=&#8221;4.16&#8243; _module_preset=&#8221;default&#8221; header_font=&#8221;|600||on|||||&#8221; header_text_color=&#8221;#004890&#8243; header_font_size=&#8221;20px&#8221; header_line_height=&#8221;1.3em&#8221; read_more_font=&#8221;|700||on|||||&#8221; read_more_text_color=&#8221;#004890&#8243; background_color=&#8221;rgba(0,0,0,0)&#8221; custom_padding=&#8221;18px|0px||0px|false|false&#8221; custom_css_read_more=&#8221;color: #e09900;||display: block;||text-align:center;||margin-top: 10px;||border: 1px solid #ccc;||padding: 5px;||text-transform: capitalize;||letter-spacing: 1px;&#8221; border_radii=&#8221;on|12px|12px|12px|12px&#8221; box_shadow_style=&#8221;preset3&#8243; global_colors_info=&#8221;{}&#8221;][\/et_pb_blog][\/et_pb_column][\/et_pb_row][et_pb_row use_custom_gutter=&#8221;on&#8221; gutter_width=&#8221;1&#8243; _builder_version=&#8221;4.16&#8243; _module_preset=&#8221;default&#8221; width=&#8221;100%&#8221; max_width=&#8221;100%&#8221; custom_padding=&#8221;||26px|||&#8221; global_colors_info=&#8221;{}&#8221;][et_pb_column type=&#8221;4_4&#8243; _builder_version=&#8221;4.16&#8243; _module_preset=&#8221;default&#8221; global_colors_info=&#8221;{}&#8221;][et_pb_gallery gallery_ids=&#8221;7081,6808,6598,6594,6591,6552,6516,6391,6307,6264&#8243; posts_number=&#8221;8&#8243; show_title_and_caption=&#8221;off&#8221; show_pagination=&#8221;off&#8221; _builder_version=&#8221;4.16&#8243; _module_preset=&#8221;default&#8221; width=&#8221;100%&#8221; global_colors_info=&#8221;{}&#8221;][\/et_pb_gallery][\/et_pb_column][\/et_pb_row][\/et_pb_section][et_pb_section fb_built=&#8221;1&#8243; admin_label=&#8221;Popup &#8211; #kontakt&#8221; module_id=&#8221;neem contact op met&#8221; module_class=&#8221;popup&#8221; _builder_version=&#8221;4.25.2&#8243; _module_preset=&#8221;default&#8221; width=&#8221;40%&#8221; width_tablet=&#8221;90%&#8221; width_phone=&#8221;90%&#8221; width_last_edited=&#8221;on|tablet&#8221; da_is_popup=&#8221;on&#8221; da_popup_slug=&#8221;kontakt&#8221; da_disable_devices=&#8221;off|off|off&#8221; border_radii=&#8221;on|10px|10px|10px|10px&#8221; global_module=&#8221;13402&#8243; saved_tabs=&#8221;all&#8221; global_colors_info=&#8221;{}&#8221; da_exit_intent=&#8221;off&#8221; da_has_close=&#8221;on&#8221; da_alt_close=&#8221;off&#8221; da_dark_close=&#8221;off&#8221; da_not_modal=&#8221;on&#8221; da_is_singular=&#8221;off&#8221; da_with_loader=&#8221;off&#8221; da_has_shadow=&#8221;on&#8221;][et_pb_row _builder_version=&#8221;4.25.2&#8243; _module_preset=&#8221;default&#8221; global_colors_info=&#8221;{}&#8221;][et_pb_column type=&#8221;4_4&#8243; _builder_version=&#8221;4.25.2&#8243; _module_preset=&#8221;default&#8221; global_colors_info=&#8221;{}&#8221;][et_pb_text _builder_version=&#8221;4.25.2&#8243; _module_preset=&#8221;default&#8221; text_font=&#8221;||||||||&#8221; text_text_color=&#8221;#ffffff&#8221; text_font_size=&#8221;18px&#8221; header_font=&#8221;|700||on|||||&#8221; header_text_color=&#8221;#000000&#8243; header_font_size=&#8221;31px&#8221; header_line_height=&#8221;0.9em&#8221; header_2_font=&#8221;|700||on|||||&#8221; header_2_text_color=&#8221;#002860&#8243; header_2_font_size=&#8221;30px&#8221; header_2_line_height=&#8221;1.2em&#8221; background_color=&#8221;rgba(0,0,0,0)&#8221; custom_margin=&#8221;||0px||false|false&#8221; custom_padding=&#8221;9px|1px|0px|1px|false|true&#8221; header_font_size_tablet=&#8221;22px&#8221; header_font_size_phone=&#8221;29px&#8221; header_font_size_last_edited=&#8221;on|desktop&#8221; header_2_font_size_tablet=&#8221;27px&#8221; header_2_font_size_phone=&#8221;28px&#8221; header_2_font_size_last_edited=&#8221;on|desktop&#8221; global_colors_info=&#8221;{}&#8221;]<\/p>\n<h2>Neem contact met ons op<\/h2>\n<p>[\/et_pb_text][wpforms_selector form_id=&#8221;13392&#8243; _builder_version=&#8221;4.25.2&#8243; _module_preset=&#8221;default&#8221; global_colors_info=&#8221;{}&#8221;][\/wpforms_selector][\/et_pb_column][\/et_pb_row][\/et_pb_section][et_pb_section fb_built=&#8221;1&#8243; admin_label=&#8221;Sektion&#8221; _builder_version=&#8221;4.9.4&#8243; _module_preset=&#8221;default&#8221; background_image=&#8221;https:\/\/www.vallecamping.se\/wp-content\/uploads\/2020\/11\/bAKGRUND1.png&#8221; parallax=&#8221;on&#8221; parallax_method=&#8221;off&#8221; z_index=&#8221;381&#8243; custom_margin=&#8221;||-4px|||&#8221; custom_padding=&#8221;65px||4px|||&#8221; top_divider_style=&#8221;wave2&#8243; top_divider_color=&#8221;#a9bdcc&#8221; top_divider_height=&#8221;77px&#8221; bottom_divider_style=&#8221;wave2&#8243; bottom_divider_color=&#8221;#A9BDCC &#8221; bottom_divider_height=&#8221;47px&#8221; da_disable_devices=&#8221;off|off|off&#8221; global_module=&#8221;7014&#8243; saved_tabs=&#8221;all&#8221; global_colors_info=&#8221;{}&#8221; da_is_popup=&#8221;off&#8221; da_exit_intent=&#8221;off&#8221; da_has_close=&#8221;on&#8221; da_alt_close=&#8221;off&#8221; da_dark_close=&#8221;off&#8221; da_not_modal=&#8221;on&#8221; da_is_singular=&#8221;off&#8221; da_with_loader=&#8221;off&#8221; da_has_shadow=&#8221;on&#8221;][et_pb_row use_custom_gutter=&#8221;on&#8221; gutter_width=&#8221;2&#8243; make_equal=&#8221;on&#8221; _builder_version=&#8221;4.16&#8243; _module_preset=&#8221;default&#8221; width=&#8221;90%&#8221; max_width=&#8221;1280px&#8221; custom_padding=&#8221;||46px||false|false&#8221; global_colors_info=&#8221;{}&#8221;][et_pb_column type=&#8221;4_4&#8243; _builder_version=&#8221;4.16&#8243; _module_preset=&#8221;default&#8221; global_colors_info=&#8221;{}&#8221;][et_pb_pricing_tables header_background_color=&#8221;#5c82a3&#8243; featured_table_bullet_color=&#8221;#ffffff&#8221; bullet_color=&#8221;#ffffff&#8221; _builder_version=&#8221;4.25.2&#8243; _module_preset=&#8221;default&#8221; body_font=&#8221;|600||on|||||&#8221; body_font_size=&#8221;17px&#8221; background_color=&#8221;rgba(0,0,0,0)&#8221; background_enable_image=&#8221;off&#8221; custom_button=&#8221;on&#8221; button_text_color=&#8221;#ffffff&#8221; button_bg_color=&#8221;#5C82A3&#8243; button_border_color=&#8221;#ffffff&#8221; width=&#8221;100%&#8221; max_width=&#8221;100%&#8221; border_radii=&#8221;on|12px|12px|12px|12px&#8221; border_width_all=&#8221;5px&#8221; border_color_all=&#8221;#ffffff&#8221; global_colors_info=&#8221;{}&#8221;][et_pb_pricing_table title=&#8221;RUM&#8221; subtitle=&#8221;Kamer met 2+2 of 4 bedden&#8221; sum=&#8221;vanaf 890 kr&#8221; button_url=&#8221;https:\/\/www.vallecamping.se\/nl\/hostel\/&#8221; button_text=&#8221;Meer lezen&#8221; bullet_color=&#8221;#dbdbdb&#8221; price_background_color=&#8221;rgba(255,255,255,0.88)&#8221; _builder_version=&#8221;4.25.2&#8243; _module_preset=&#8221;default&#8221; price_text_color=&#8221;#004890&#8243; header_font=&#8221;Roboto||||||||&#8221; body_font=&#8221;Roboto||||||||&#8221; body_text_color=&#8221;#ffffff&#8221; price_font=&#8221;Roboto||||||||&#8221; price_font_size=&#8221;39px&#8221; background_color=&#8221;rgba(0,0,0,0.18)&#8221; background_enable_color=&#8221;on&#8221; use_background_color_gradient=&#8221;on&#8221; background_color_gradient_direction=&#8221;142deg&#8221; background_color_gradient_stops=&#8221;#0a0202 0%|rgba(0,0,0,0) 100%&#8221; background_color_gradient_start=&#8221;#0a0202&#8243; background_color_gradient_end=&#8221;rgba(0,0,0,0)&#8221; background_image=&#8221;https:\/\/www.vallecamping.se\/wp-content\/uploads\/2020\/11\/Valle_Camping_start_6.jpg&#8221; background_enable_image=&#8221;on&#8221; background_blend=&#8221;overlay&#8221; body_text_shadow_style=&#8221;preset5&#8243; box_shadow_style=&#8221;preset3&#8243; global_colors_info=&#8221;{}&#8221; sticky_transition=&#8221;on&#8221;]<\/p>\n<p><span>Priv\u00e9 douche en toilet<\/span><\/p>\n<p><span>Gedeelde keuken\/woonkamer  <\/span><\/p>\n<p><span>Familie- en d<\/span><span>tweepersoonskamers. <\/span> <span><\/span><\/p>\n<p>[\/et_pb_pricing_table][et_pb_pricing_table title=&#8221;CAMPING HUISJES&#8221; subtitle=&#8221;4- en 5-bedden&#8221; sum=&#8221;vanaf 625 kr&#8221; button_url=&#8221;https:\/\/www.vallecamping.se\/nl\/hutten\/&#8221; button_text=&#8221;Meer lezen&#8221; bullet_color=&#8221;#dbdbdb&#8221; price_background_color=&#8221;rgba(255,255,255,0.88)&#8221; _builder_version=&#8221;4.25.2&#8243; _module_preset=&#8221;default&#8221; price_text_color=&#8221;#004890&#8243; header_font=&#8221;Roboto||||||||&#8221; body_font=&#8221;Roboto||||||||&#8221; body_text_color=&#8221;#ffffff&#8221; price_font=&#8221;Roboto||||||||&#8221; price_font_size=&#8221;39px&#8221; background_color=&#8221;rgba(0,0,0,0.18)&#8221; background_enable_color=&#8221;on&#8221; use_background_color_gradient=&#8221;on&#8221; background_color_gradient_direction=&#8221;142deg&#8221; background_color_gradient_stops=&#8221;#0a0202 0%|rgba(0,0,0,0) 100%&#8221; background_color_gradient_start=&#8221;#0a0202&#8243; background_color_gradient_end=&#8221;rgba(0,0,0,0)&#8221; background_image=&#8221;https:\/\/www.vallecamping.se\/wp-content\/uploads\/2020\/09\/Valle_Camping_Stugor-124-1.jpeg&#8221; background_enable_image=&#8221;on&#8221; background_blend=&#8221;overlay&#8221; body_text_shadow_style=&#8221;preset5&#8243; box_shadow_style=&#8221;preset3&#8243; global_colors_info=&#8221;{}&#8221; sticky_transition=&#8221;on&#8221;]<\/p>\n<p><span>4- of 5-bedden  <\/span><\/p>\n<p><span>  Koelkast\/kookplaat<\/span><\/p>\n<p><span>Dichtbij servicegebouw<\/span><\/p>\n<p>[\/et_pb_pricing_table][et_pb_pricing_table title=&#8221;CAMPING&#8221; subtitle=&#8221;Tent, caravan, camper&#8221; sum=&#8221;vanaf 295 kr&#8221; button_url=&#8221;https:\/\/www.vallecamping.se\/nl\/camping\/&#8221; button_text=&#8221;Meer lezen&#8221; bullet_color=&#8221;#dbdbdb&#8221; price_background_color=&#8221;rgba(255,255,255,0.88)&#8221; _builder_version=&#8221;4.25.2&#8243; _module_preset=&#8221;default&#8221; price_text_color=&#8221;#004890&#8243; header_font=&#8221;Roboto||||||||&#8221; body_font=&#8221;Roboto||||||||&#8221; body_text_color=&#8221;#ffffff&#8221; price_font=&#8221;Roboto||||||||&#8221; price_font_size=&#8221;39px&#8221; background_color=&#8221;rgba(0,0,0,0.18)&#8221; background_enable_color=&#8221;on&#8221; use_background_color_gradient=&#8221;on&#8221; background_color_gradient_direction=&#8221;142deg&#8221; background_color_gradient_stops=&#8221;#0a0202 0%|rgba(0,0,0,0) 100%&#8221; background_color_gradient_start=&#8221;#0a0202&#8243; background_color_gradient_end=&#8221;rgba(0,0,0,0)&#8221; background_image=&#8221;https:\/\/www.vallecamping.se\/wp-content\/uploads\/2020\/10\/Vallecamping_Camping-20100721.jpeg&#8221; background_enable_image=&#8221;on&#8221; background_position=&#8221;top_center&#8221; background_blend=&#8221;overlay&#8221; body_text_shadow_style=&#8221;preset5&#8243; box_shadow_style=&#8221;preset3&#8243; global_colors_info=&#8221;{}&#8221; sticky_transition=&#8221;on&#8221;]<\/p>\n<p>Plaatsen met\/zonder elektriciteit<\/p>\n<p>Plaatsen bij het meer<\/p>\n<p>Dichtbij servicegebouw<\/p>\n<p>[\/et_pb_pricing_table][et_pb_pricing_table title=&#8221;Camperplaatsen&#8221; subtitle=&#8221;Camper&#8221; sum=&#8221;vanaf 250 kr&#8221; button_url=&#8221;https:\/\/www.vallecamping.se\/nl\/camperplaatsen\/&#8221; button_text=&#8221;Meer lezen&#8221; bullet_color=&#8221;#dbdbdb&#8221; price_background_color=&#8221;rgba(255,255,255,0.88)&#8221; _builder_version=&#8221;4.25.2&#8243; _module_preset=&#8221;default&#8221; price_text_color=&#8221;#004890&#8243; header_font=&#8221;Roboto||||||||&#8221; body_font=&#8221;Roboto||||||||&#8221; body_text_color=&#8221;#ffffff&#8221; price_font=&#8221;Roboto||||||||&#8221; price_font_size=&#8221;39px&#8221; background_color=&#8221;rgba(0,0,0,0.18)&#8221; background_enable_color=&#8221;on&#8221; use_background_color_gradient=&#8221;on&#8221; background_color_gradient_direction=&#8221;142deg&#8221; background_color_gradient_stops=&#8221;#0a0202 0%|rgba(0,0,0,0) 100%&#8221; background_color_gradient_start=&#8221;#0a0202&#8243; background_color_gradient_end=&#8221;rgba(0,0,0,0)&#8221; background_image=&#8221;https:\/\/www.vallecamping.se\/wp-content\/uploads\/2020\/09\/Valle_Camping_Camping-304.jpeg&#8221; background_enable_image=&#8221;on&#8221; background_blend=&#8221;overlay&#8221; body_text_shadow_style=&#8221;preset5&#8243; box_shadow_style=&#8221;preset3&#8243; global_colors_info=&#8221;{}&#8221; sticky_transition=&#8221;on&#8221;]<\/p>\n<p>Standplaats met\/zonder elektriciteit<\/p>\n<p>Dichtbij dienstgebouw.<\/p>\n<p>Latrine legen<\/p>\n<p>[\/et_pb_pricing_table][\/et_pb_pricing_tables][\/et_pb_column][\/et_pb_row][\/et_pb_section]<\/p>\n","protected":false},"excerpt":{"rendered":"<p>ZELFINCHECKEN CAMPERPLAATS CamperWelkom bij de camperplaatsen van Valle Camping! Via het onderstaande formulier check je in en betaal je je standplaats. Je kiest zelf een plek of neemt de toegewezen vrije plaats. De beschikbare plaatsen zie je op de kaart hieronder. Onze camperplaatsen zijn het grootste deel van het jaar beschikbaar, van het vroege voorjaar [&hellip;]<\/p>\n","protected":false},"author":2,"featured_media":0,"parent":0,"menu_order":0,"comment_status":"closed","ping_status":"closed","template":"","meta":{"_et_pb_use_builder":"on","_et_pb_old_content":"","_et_gb_content_width":"","footnotes":""},"class_list":["post-14121","page","type-page","status-publish","hentry"],"yoast_head":"<!-- This site is optimized with the Yoast SEO plugin v27.5 - https:\/\/yoast.com\/product\/yoast-seo-wordpress\/ -->\n<title>CAMPERPLAATSEN BOEKEN - Valle Camping AB<\/title>\n<meta name=\"description\" content=\"Standplaatsen dichtbij Kata G\u00e5rd, Hornborgasj\u00f6n, Skara Sommarland en de Axevalla Renbaan. Valle Camping heeft een aantal standplaatsen voor campers.\" \/>\n<meta name=\"robots\" content=\"index, follow, max-snippet:-1, max-image-preview:large, max-video-preview:-1\" \/>\n<link rel=\"canonical\" href=\"https:\/\/www.vallecamping.se\/nl\/camperplaatsen-2\/\" \/>\n<meta property=\"og:locale\" content=\"nl_NL\" \/>\n<meta property=\"og:type\" content=\"article\" \/>\n<meta property=\"og:title\" content=\"CAMPERPLAATSEN BOEKEN - Valle Camping AB\" \/>\n<meta property=\"og:description\" content=\"Standplaatsen dichtbij Kata G\u00e5rd, Hornborgasj\u00f6n, Skara Sommarland en de Axevalla Renbaan. Valle Camping heeft een aantal standplaatsen voor campers.\" \/>\n<meta property=\"og:url\" content=\"https:\/\/www.vallecamping.se\/nl\/camperplaatsen-2\/\" \/>\n<meta property=\"og:site_name\" content=\"Valle Camping AB\" \/>\n<meta property=\"article:publisher\" content=\"https:\/\/www.facebook.com\/vallecamping\" \/>\n<meta property=\"article:modified_time\" content=\"2025-05-30T21:21:17+00:00\" \/>\n<meta name=\"twitter:card\" content=\"summary_large_image\" \/>\n<meta name=\"twitter:label1\" content=\"Geschatte leestijd\" \/>\n\t<meta name=\"twitter:data1\" content=\"10 minuten\" \/>\n<script type=\"application\/ld+json\" class=\"yoast-schema-graph\">{\"@context\":\"https:\\\/\\\/schema.org\",\"@graph\":[{\"@type\":\"WebPage\",\"@id\":\"https:\\\/\\\/www.vallecamping.se\\\/nl\\\/camperplaatsen-2\\\/\",\"url\":\"https:\\\/\\\/www.vallecamping.se\\\/nl\\\/camperplaatsen-2\\\/\",\"name\":\"CAMPERPLAATSEN BOEKEN - Valle Camping AB\",\"isPartOf\":{\"@id\":\"https:\\\/\\\/www.vallecamping.se\\\/nl\\\/#website\"},\"datePublished\":\"2025-02-14T15:01:58+00:00\",\"dateModified\":\"2025-05-30T21:21:17+00:00\",\"description\":\"Standplaatsen dichtbij Kata G\u00e5rd, Hornborgasj\u00f6n, Skara Sommarland en de Axevalla Renbaan. Valle Camping heeft een aantal standplaatsen voor campers.\",\"breadcrumb\":{\"@id\":\"https:\\\/\\\/www.vallecamping.se\\\/nl\\\/camperplaatsen-2\\\/#breadcrumb\"},\"inLanguage\":\"nl-NL\",\"potentialAction\":[{\"@type\":\"ReadAction\",\"target\":[\"https:\\\/\\\/www.vallecamping.se\\\/nl\\\/camperplaatsen-2\\\/\"]}]},{\"@type\":\"BreadcrumbList\",\"@id\":\"https:\\\/\\\/www.vallecamping.se\\\/nl\\\/camperplaatsen-2\\\/#breadcrumb\",\"itemListElement\":[{\"@type\":\"ListItem\",\"position\":1,\"name\":\"Hem\",\"item\":\"https:\\\/\\\/www.vallecamping.se\\\/nl\\\/\"},{\"@type\":\"ListItem\",\"position\":2,\"name\":\"CAMPERPLAATSEN BOEKEN\"}]},{\"@type\":\"WebSite\",\"@id\":\"https:\\\/\\\/www.vallecamping.se\\\/nl\\\/#website\",\"url\":\"https:\\\/\\\/www.vallecamping.se\\\/nl\\\/\",\"name\":\"Valle Camping AB\",\"description\":\"Valle Camping - Stugor, camping, st\u00e4llplatser och vandrarhem vid sj\u00f6 i vackra Valle n\u00e4ra Skara sommarland, Hornborgasj\u00f6n, Varnhems klosterkyrka, Kata g\u00e5rd med mera\",\"publisher\":{\"@id\":\"https:\\\/\\\/www.vallecamping.se\\\/nl\\\/#organization\"},\"alternateName\":\"Valle camping\",\"potentialAction\":[{\"@type\":\"SearchAction\",\"target\":{\"@type\":\"EntryPoint\",\"urlTemplate\":\"https:\\\/\\\/www.vallecamping.se\\\/nl\\\/?s={search_term_string}\"},\"query-input\":{\"@type\":\"PropertyValueSpecification\",\"valueRequired\":true,\"valueName\":\"search_term_string\"}}],\"inLanguage\":\"nl-NL\"},{\"@type\":\"Organization\",\"@id\":\"https:\\\/\\\/www.vallecamping.se\\\/nl\\\/#organization\",\"name\":\"Valle camping AB\",\"alternateName\":\"Valle camping\",\"url\":\"https:\\\/\\\/www.vallecamping.se\\\/nl\\\/\",\"logo\":{\"@type\":\"ImageObject\",\"inLanguage\":\"nl-NL\",\"@id\":\"https:\\\/\\\/www.vallecamping.se\\\/nl\\\/#\\\/schema\\\/logo\\\/image\\\/\",\"url\":\"https:\\\/\\\/www.vallecamping.se\\\/wp-content\\\/uploads\\\/2023\\\/03\\\/Valle-Camping-Icon2303-1.png\",\"contentUrl\":\"https:\\\/\\\/www.vallecamping.se\\\/wp-content\\\/uploads\\\/2023\\\/03\\\/Valle-Camping-Icon2303-1.png\",\"width\":500,\"height\":496,\"caption\":\"Valle camping AB\"},\"image\":{\"@id\":\"https:\\\/\\\/www.vallecamping.se\\\/nl\\\/#\\\/schema\\\/logo\\\/image\\\/\"},\"sameAs\":[\"https:\\\/\\\/www.facebook.com\\\/vallecamping\",\"https:\\\/\\\/www.instagram.com\\\/vallecampingstugor\\\/\",\"https:\\\/\\\/www.youtube.com\\\/channel\\\/UCoJUm2JGJm1kc46V1JnI47Q\"]}]}<\/script>\n<!-- \/ Yoast SEO plugin. -->","yoast_head_json":{"title":"CAMPERPLAATSEN BOEKEN - Valle Camping AB","description":"Standplaatsen dichtbij Kata G\u00e5rd, Hornborgasj\u00f6n, Skara Sommarland en de Axevalla Renbaan. Valle Camping heeft een aantal standplaatsen voor campers.","robots":{"index":"index","follow":"follow","max-snippet":"max-snippet:-1","max-image-preview":"max-image-preview:large","max-video-preview":"max-video-preview:-1"},"canonical":"https:\/\/www.vallecamping.se\/nl\/camperplaatsen-2\/","og_locale":"nl_NL","og_type":"article","og_title":"CAMPERPLAATSEN BOEKEN - Valle Camping AB","og_description":"Standplaatsen dichtbij Kata G\u00e5rd, Hornborgasj\u00f6n, Skara Sommarland en de Axevalla Renbaan. Valle Camping heeft een aantal standplaatsen voor campers.","og_url":"https:\/\/www.vallecamping.se\/nl\/camperplaatsen-2\/","og_site_name":"Valle Camping AB","article_publisher":"https:\/\/www.facebook.com\/vallecamping","article_modified_time":"2025-05-30T21:21:17+00:00","twitter_card":"summary_large_image","twitter_misc":{"Geschatte leestijd":"10 minuten"},"schema":{"@context":"https:\/\/schema.org","@graph":[{"@type":"WebPage","@id":"https:\/\/www.vallecamping.se\/nl\/camperplaatsen-2\/","url":"https:\/\/www.vallecamping.se\/nl\/camperplaatsen-2\/","name":"CAMPERPLAATSEN BOEKEN - Valle Camping AB","isPartOf":{"@id":"https:\/\/www.vallecamping.se\/nl\/#website"},"datePublished":"2025-02-14T15:01:58+00:00","dateModified":"2025-05-30T21:21:17+00:00","description":"Standplaatsen dichtbij Kata G\u00e5rd, Hornborgasj\u00f6n, Skara Sommarland en de Axevalla Renbaan. Valle Camping heeft een aantal standplaatsen voor campers.","breadcrumb":{"@id":"https:\/\/www.vallecamping.se\/nl\/camperplaatsen-2\/#breadcrumb"},"inLanguage":"nl-NL","potentialAction":[{"@type":"ReadAction","target":["https:\/\/www.vallecamping.se\/nl\/camperplaatsen-2\/"]}]},{"@type":"BreadcrumbList","@id":"https:\/\/www.vallecamping.se\/nl\/camperplaatsen-2\/#breadcrumb","itemListElement":[{"@type":"ListItem","position":1,"name":"Hem","item":"https:\/\/www.vallecamping.se\/nl\/"},{"@type":"ListItem","position":2,"name":"CAMPERPLAATSEN BOEKEN"}]},{"@type":"WebSite","@id":"https:\/\/www.vallecamping.se\/nl\/#website","url":"https:\/\/www.vallecamping.se\/nl\/","name":"Valle Camping AB","description":"Valle Camping - Stugor, camping, st\u00e4llplatser och vandrarhem vid sj\u00f6 i vackra Valle n\u00e4ra Skara sommarland, Hornborgasj\u00f6n, Varnhems klosterkyrka, Kata g\u00e5rd med mera","publisher":{"@id":"https:\/\/www.vallecamping.se\/nl\/#organization"},"alternateName":"Valle camping","potentialAction":[{"@type":"SearchAction","target":{"@type":"EntryPoint","urlTemplate":"https:\/\/www.vallecamping.se\/nl\/?s={search_term_string}"},"query-input":{"@type":"PropertyValueSpecification","valueRequired":true,"valueName":"search_term_string"}}],"inLanguage":"nl-NL"},{"@type":"Organization","@id":"https:\/\/www.vallecamping.se\/nl\/#organization","name":"Valle camping AB","alternateName":"Valle camping","url":"https:\/\/www.vallecamping.se\/nl\/","logo":{"@type":"ImageObject","inLanguage":"nl-NL","@id":"https:\/\/www.vallecamping.se\/nl\/#\/schema\/logo\/image\/","url":"https:\/\/www.vallecamping.se\/wp-content\/uploads\/2023\/03\/Valle-Camping-Icon2303-1.png","contentUrl":"https:\/\/www.vallecamping.se\/wp-content\/uploads\/2023\/03\/Valle-Camping-Icon2303-1.png","width":500,"height":496,"caption":"Valle camping AB"},"image":{"@id":"https:\/\/www.vallecamping.se\/nl\/#\/schema\/logo\/image\/"},"sameAs":["https:\/\/www.facebook.com\/vallecamping","https:\/\/www.instagram.com\/vallecampingstugor\/","https:\/\/www.youtube.com\/channel\/UCoJUm2JGJm1kc46V1JnI47Q"]}]}},"_links":{"self":[{"href":"https:\/\/www.vallecamping.se\/nl\/wp-json\/wp\/v2\/pages\/14121","targetHints":{"allow":["GET"]}}],"collection":[{"href":"https:\/\/www.vallecamping.se\/nl\/wp-json\/wp\/v2\/pages"}],"about":[{"href":"https:\/\/www.vallecamping.se\/nl\/wp-json\/wp\/v2\/types\/page"}],"author":[{"embeddable":true,"href":"https:\/\/www.vallecamping.se\/nl\/wp-json\/wp\/v2\/users\/2"}],"replies":[{"embeddable":true,"href":"https:\/\/www.vallecamping.se\/nl\/wp-json\/wp\/v2\/comments?post=14121"}],"version-history":[{"count":6,"href":"https:\/\/www.vallecamping.se\/nl\/wp-json\/wp\/v2\/pages\/14121\/revisions"}],"predecessor-version":[{"id":15932,"href":"https:\/\/www.vallecamping.se\/nl\/wp-json\/wp\/v2\/pages\/14121\/revisions\/15932"}],"wp:attachment":[{"href":"https:\/\/www.vallecamping.se\/nl\/wp-json\/wp\/v2\/media?parent=14121"}],"curies":[{"name":"wp","href":"https:\/\/api.w.org\/{rel}","templated":true}]}}