{"id":12650,"date":"2020-10-01T14:39:32","date_gmt":"2020-10-01T14:39:32","guid":{"rendered":"https:\/\/www.vallecamping.se\/huetten\/"},"modified":"2025-06-23T21:34:38","modified_gmt":"2025-06-23T21:34:38","slug":"huetten","status":"publish","type":"page","link":"https:\/\/www.vallecamping.se\/de\/huetten\/","title":{"rendered":"H\u00fctte am See in der sch\u00f6nen Valle-Region \u2013 nahe Skara Sommarland"},"content":{"rendered":"<p>[et_pb_section fb_built=&#8220;1&#8243; admin_label=&#8220;Header&#8220; _builder_version=&#8220;4.27.4&#8243; background_image=&#8220;https:\/\/www.vallecamping.se\/wp-content\/uploads\/2025\/05\/Campingstugor_valle-camping_4.jpg&#8220; custom_margin=&#8220;-280px||||false|false&#8220; custom_margin_tablet=&#8220;-300px||||false|false&#8220; custom_margin_phone=&#8220;-340px||||false|false&#8220; custom_margin_last_edited=&#8220;on|phone&#8220; custom_padding=&#8220;8vw||4vw||false|&#8220; bottom_divider_style=&#8220;wave2&#8243; bottom_divider_color=&#8220;#a9bdcc&#8220; da_disable_devices=&#8220;off|off|off&#8220; global_colors_info=&#8220;{}&#8220; da_is_popup=&#8220;off&#8220; da_exit_intent=&#8220;off&#8220; da_has_close=&#8220;on&#8220; da_alt_close=&#8220;off&#8220; da_dark_close=&#8220;off&#8220; da_not_modal=&#8220;on&#8220; da_is_singular=&#8220;off&#8220; da_with_loader=&#8220;off&#8220; da_has_shadow=&#8220;on&#8220;][et_pb_row use_custom_gutter=&#8220;on&#8220; gutter_width=&#8220;2&#8243; custom_padding_last_edited=&#8220;on|phone&#8220; _builder_version=&#8220;4.27.4&#8243; _module_preset=&#8220;default&#8220; width=&#8220;90%&#8220; width_tablet=&#8220;90%&#8220; width_phone=&#8220;90%&#8220; width_last_edited=&#8220;on|tablet&#8220; max_width=&#8220;1280px&#8220; custom_padding=&#8220;150px||||false|false&#8220; custom_padding_tablet=&#8220;&#8220; custom_padding_phone=&#8220;185px||||false|false&#8220; global_colors_info=&#8220;{}&#8220;][et_pb_column type=&#8220;4_4&#8243; _builder_version=&#8220;4.16&#8243; _module_preset=&#8220;default&#8220; global_colors_info=&#8220;{}&#8220;][et_pb_text _builder_version=&#8220;4.27.4&#8243; _module_preset=&#8220;default&#8220; text_font=&#8220;|600||on|||||&#8220; text_text_color=&#8220;#ffffff&#8220; text_font_size=&#8220;22px&#8220; header_font=&#8220;|700|||||||&#8220; header_text_color=&#8220;#FFFFFF&#8220; header_font_size=&#8220;67px&#8220; header_2_font=&#8220;|700|||||||&#8220; header_2_text_align=&#8220;left&#8220; header_2_text_color=&#8220;#ffffff&#8220; header_2_font_size=&#8220;67px&#8220; header_3_font=&#8220;|700||on|||||&#8220; header_3_text_align=&#8220;left&#8220; header_3_text_color=&#8220;#ffffff&#8220; header_3_font_size=&#8220;67px&#8220; text_orientation=&#8220;right&#8220; custom_padding=&#8220;|||20px|false|false&#8220; text_font_size_tablet=&#8220;20px&#8220; text_font_size_phone=&#8220;15px&#8220; text_font_size_last_edited=&#8220;on|phone&#8220; header_font_size_tablet=&#8220;52px&#8220; header_font_size_phone=&#8220;40px&#8220; header_font_size_last_edited=&#8220;on|desktop&#8220; header_2_font_size_tablet=&#8220;52px&#8220; header_2_font_size_phone=&#8220;40px&#8220; header_2_font_size_last_edited=&#8220;on|phone&#8220; header_3_font_size_tablet=&#8220;52px&#8220; header_3_font_size_phone=&#8220;40px&#8220; header_3_font_size_last_edited=&#8220;on|phone&#8220; text_text_shadow_style=&#8220;preset1&#8243; header_text_shadow_style=&#8220;preset1&#8243; header_2_text_shadow_style=&#8220;preset1&#8243; global_colors_info=&#8220;{}&#8220;]<\/p>\n<h3 style=\"text-align: left;\">H\u00dcTTEN<\/h3>\n<p style=\"text-align: left;\">4 oder 5 Betten<\/p>\n<p>[\/et_pb_text][\/et_pb_column][\/et_pb_row][\/et_pb_section][et_pb_section fb_built=&#8220;1&#8243; admin_label=&#8220;About&#8220; _builder_version=&#8220;4.27.4&#8243; background_enable_color=&#8220;off&#8220; background_image=&#8220;https:\/\/www.vallecamping.se\/wp-content\/uploads\/2020\/11\/bAKGRUND1.png&#8220; custom_padding=&#8220;||13px|||&#8220; top_divider_style=&#8220;wave2&#8243; top_divider_color=&#8220;#a9bdcc&#8220; top_divider_height=&#8220;55px&#8220; da_disable_devices=&#8220;off|off|off&#8220; global_colors_info=&#8220;{}&#8220; da_is_popup=&#8220;off&#8220; da_exit_intent=&#8220;off&#8220; da_has_close=&#8220;on&#8220; da_alt_close=&#8220;off&#8220; da_dark_close=&#8220;off&#8220; da_not_modal=&#8220;on&#8220; da_is_singular=&#8220;off&#8220; da_with_loader=&#8220;off&#8220; da_has_shadow=&#8220;on&#8220;][et_pb_row column_structure=&#8220;3_5,2_5&#8243; use_custom_gutter=&#8220;on&#8220; gutter_width=&#8220;2&#8243; custom_padding_last_edited=&#8220;on|desktop&#8220; _builder_version=&#8220;4.27.4&#8243; background_color=&#8220;#FFFFFF&#8220; width=&#8220;90%&#8220; max_width=&#8220;1280px&#8220; custom_padding=&#8220;0px|20px|0px|20px|false|false&#8220; custom_padding_tablet=&#8220;|0px||0px||true&#8220; custom_padding_phone=&#8220;&#8220; global_colors_info=&#8220;{}&#8220;][et_pb_column type=&#8220;3_5&#8243; _builder_version=&#8220;4.16&#8243; custom_padding=&#8220;|||&#8220; global_colors_info=&#8220;{}&#8220; custom_padding__hover=&#8220;|||&#8220;][et_pb_text _builder_version=&#8220;4.27.4&#8243; text_font=&#8220;||||||||&#8220; text_line_height=&#8220;2em&#8220; header_font=&#8220;|700||on|||||&#8220; header_text_align=&#8220;left&#8220; header_text_color=&#8220;#002754&#8243; header_font_size=&#8220;19px&#8220; header_2_font=&#8220;|700||on|||||&#8220; header_2_text_color=&#8220;#002754&#8243; header_2_font_size=&#8220;19px&#8220; header_2_line_height=&#8220;1.2em&#8220; header_6_font=&#8220;Raleway|700||on|||||&#8220; header_6_font_size=&#8220;16px&#8220; header_6_letter_spacing=&#8220;5px&#8220; header_6_line_height=&#8220;1.8em&#8220; text_orientation=&#8220;center&#8220; max_width=&#8220;1440px&#8220; module_alignment=&#8220;left&#8220; custom_margin=&#8220;|||0px|false|false&#8220; custom_padding=&#8220;|20px||0px|false|false&#8220; header_line_height_tablet=&#8220;&#8220; header_line_height_phone=&#8220;1.2em&#8220; header_line_height_last_edited=&#8220;on|phone&#8220; global_colors_info=&#8220;{}&#8220;]<\/p>\n<h1 style=\"text-align: left;\">H\u00fctten am See in der Naturregion Valle \u2013 F\u00fcr alle, die Wandern, Angeln und Entspannen lieben<\/h1>\n<p style=\"text-align: left;\">Suchen Sie eine ruhige Unterkunft inmitten der Natur, nahe einem Badesee, Wanderwegen und Angelm\u00f6glichkeiten? Auf dem Campingplatz Valle wohnen Sie in H\u00fctten in idyllischer Lage \u2013 und <a href=\"https:\/\/www.vallecamping.se\/de\/skara-sommarland\/\">Skara Sommarland<\/a> ist nur wenige Minuten entfernt. <\/p>\n<p style=\"text-align: left;\">Unsere H\u00fctten liegen idyllisch am See und bieten eine ruhige Alternative zum traditionellen Camping. W\u00e4hlen Sie zwischen einfachen Campingh\u00fctten oder familienfreundlichen Unterk\u00fcnften \u2013 in der N\u00e4he von Wanderwegen, Badepl\u00e4tzen und Angelm\u00f6glichkeiten. <a href=\"https:\/\/www.sommarland.se\">Skara Sommarland<\/a> ist ebenfalls nur wenige Minuten entfernt.  Eine Campingh\u00fctte ist eine Alternative zum Camping im Wohnwagen, Wohnmobil oder Zelt.<\/p>\n<h2 style=\"text-align: left;\">H\u00fctte am See in der sch\u00f6nen Valle-Region \u2013 nahe Skara Sommarland<\/h2>\n<p style=\"text-align: left;\">Valle Camping liegt am See Husg\u00e4rdessj\u00f6n in der sch\u00f6nen Valle-Region \u2013 bekannt f\u00fcr ihre Ruhe, Natur und N\u00e4he zu Sehensw\u00fcrdigkeiten wie der Klosterkirche von Varnhem und dem Hornborga-See. Beginnen Sie den Tag mit einem morgendlichen Bad und beenden Sie ihn mit einem Grillabend am See. <\/p>\n<p style=\"text-align: left;\">Bei uns finden Sie preiswerte Campingh\u00fctten f\u00fcr Familien, die sich nach einem Tag im Skara Sommarland entspannen m\u00f6chten.<\/p>\n<h2 style=\"text-align: left;\">Komfortable H\u00fctten f\u00fcr die ganze Familie<\/h2>\n<p style=\"text-align: left;\">Die Campingh\u00fctten bestehen aus einem Raum mit Etagenbetten, Tisch und St\u00fchlen sowie einer kleinen Kochnische mit Kochplatte und einfacher K\u00fcchenausstattung zur Selbstversorgung. Toiletten und Duschen befinden sich im Servicegeb\u00e4ude in der N\u00e4he der H\u00fctte. <\/p>\n<p style=\"text-align: left;\">Parkpl\u00e4tze befinden sich direkt neben der H\u00fctte.<\/p>\n<p style=\"text-align: left;\">Die 4-Bett-H\u00fctten bestehen aus zwei Etagenbetten. Die 5-Bett-H\u00fctten haben ebenfalls zwei Etagenbetten, wobei das untere Bett breiter ist (alternativ steht ein zus\u00e4tzliches Bett f\u00fcr Kinder zur Verf\u00fcgung). Wenn Sie mehr \u00fcber das Aussehen eines bestimmten H\u00fctten typs erfahren m\u00f6chten, k\u00f6nnen Sie sich gerne vor der Buchung bei uns melden, wir geben Ihnen gerne weitere Informationen.  <\/p>\n<p>[\/et_pb_text][\/et_pb_column][et_pb_column type=&#8220;2_5&#8243; _builder_version=&#8220;4.16&#8243; custom_padding=&#8220;|||&#8220; global_colors_info=&#8220;{}&#8220; custom_padding__hover=&#8220;|||&#8220;][et_pb_text _builder_version=&#8220;4.27.4&#8243; _module_preset=&#8220;default&#8220; text_font=&#8220;|700|||||||&#8220; link_font=&#8220;|700||on|||||&#8220; link_text_color=&#8220;#004890&#8243; header_4_font=&#8220;|600|||||||&#8220; header_4_font_size=&#8220;15px&#8220; custom_margin=&#8220;||-1px|||&#8220; custom_padding=&#8220;||||false|false&#8220; custom_css_main_element=&#8220;table, th, td { border: none; }&#8220; saved_tabs=&#8220;all&#8220; global_colors_info=&#8220;{}&#8220;]<\/p>\n<h4 style=\"text-align: right;\"><a href=\"https:\/\/www.vallecamping.se\/de\/reservieren\/\"> Verf\u00fcgbare H\u00fctten suchen und direkt buchen<\/a><\/h4>\n<p style=\"text-align: right;\"><a href=\"https:\/\/www.vallecamping.se\/de\/buchungsbedingungen\/\">Buchungsbedingungen<\/a><\/p>\n<p style=\"text-align: right;\"><a href=\"https:\/\/www.vallecamping.se\/de\/reinigungsinstruktionen\/\">Reinigungsinstruktionen<\/a><\/p>\n<p style=\"text-align: right;\"><a href=\"https:\/\/www.vallecamping.se\/de\/ordnungs-und-verhaltensregeln\/\">Ordnungsregeln<\/a><a href=\"https:\/\/www.vallecamping.se\/de\/reinigungsinstruktionen\/\"><\/a><\/p>\n<p style=\"text-align: right;\"><a href=\"https:\/\/www.vallecamping.se\/de\/zugaenglichkeit\/\">Zug\u00e4nglichkeit<\/a><\/p>\n<p style=\"text-align: right;\"><a href=\"https:\/\/www.vallecamping.se\/praktisk_information\/\">Wissenswertes<\/a><\/p>\n<p style=\"text-align: right;\">Check-in f\u00fcr H\u00fctten fr\u00fchestens um 16:00 Uhr.<\/p>\n<p style=\"text-align: right;\">Check-out f\u00fcr H\u00fctten sp\u00e4testens um 11:00 Uhr.<\/p>\n<p style=\"text-align: right;\"><a href=\"#kontakt\">FRAGEN? SENDEN SIE HIER EINE NACHRICHT!<\/a><\/p>\n<p style=\"text-align: right;\">[\/et_pb_text][et_pb_image src=&#8220;https:\/\/www.vallecamping.se\/wp-content\/uploads\/2021\/07\/Fikastund-med-kaffebrod-pa-valle-camping.jpg&#8220; alt=&#8220;Kaffeepause mit Geb\u00e4ck auf dem Campingplatz Valle in der N\u00e4he von Skara Sommarland&#8220; title_text=&#8220;Genie\u00dfen Sie eine Kaffeepause auf dem Campingplatz Valle \u2013 Unterkunft in der N\u00e4he von Skara und Sommarland&#8220; _builder_version=&#8220;4.27.4&#8243; _module_preset=&#8220;default&#8220; global_colors_info=&#8220;{}&#8220;][\/et_pb_image][\/et_pb_column][\/et_pb_row][et_pb_row _builder_version=&#8220;4.27.4&#8243; _module_preset=&#8220;default&#8220; width=&#8220;90%&#8220; max_width=&#8220;1280px&#8220; global_colors_info=&#8220;{}&#8220;][et_pb_column type=&#8220;4_4&#8243; _builder_version=&#8220;4.19.4&#8243; _module_preset=&#8220;default&#8220; global_colors_info=&#8220;{}&#8220;][et_pb_text _builder_version=&#8220;4.27.4&#8243; _module_preset=&#8220;default&#8220; text_font=&#8220;||||||||&#8220; text_line_height=&#8220;2em&#8220; header_font=&#8220;||||||||&#8220; header_2_font=&#8220;|700||on|||||&#8220; header_2_text_align=&#8220;left&#8220; header_2_text_color=&#8220;#002754&#8243; header_2_font_size=&#8220;19px&#8220; header_2_line_height=&#8220;1.2em&#8220; header_6_font=&#8220;Raleway|700||on|||||&#8220; header_6_font_size=&#8220;16px&#8220; header_6_letter_spacing=&#8220;5px&#8220; header_6_line_height=&#8220;1.8em&#8220; text_orientation=&#8220;center&#8220; max_width=&#8220;1440px&#8220; module_alignment=&#8220;left&#8220; min_height=&#8220;11.8px&#8220; custom_margin=&#8220;||8px|0px|false|false&#8220; custom_padding=&#8220;6px|0px||0px|false|false&#8220; global_colors_info=&#8220;{}&#8220;]<\/p>\n<h2 style=\"text-align: left;\">SUCHE NACH VERF\u00dcGBAREN CAMPINGH\u00dcTTEN<\/h2>\n<p>[\/et_pb_text][et_pb_code _builder_version=&#8220;4.27.4&#8243; _module_preset=&#8220;default&#8220; text_orientation=&#8220;left&#8220; max_width=&#8220;1440px&#8220; module_alignment=&#8220;center&#8220; hover_enabled=&#8220;0&#8243; global_colors_info=&#8220;{}&#8220; sticky_enabled=&#8220;0&#8243;]<script async=\"\" data-form-id=\"9f88925e76889fc8\" src=\"https:\/\/secured.sirvoy.com\/widget\/sirvoy.js\" data-lang=\"de\" data-target-confirmation-url=\"https:\/\/www.vallecamping.se\/de\/vielen-dank-fuer-ihre-buchung\/\"><\/script>[\/et_pb_code][\/et_pb_column][\/et_pb_row][et_pb_row column_structure=&#8220;3_5,2_5&#8243; use_custom_gutter=&#8220;on&#8220; gutter_width=&#8220;2&#8243; custom_padding_last_edited=&#8220;on|desktop&#8220; _builder_version=&#8220;4.19.5&#8243; _module_preset=&#8220;default&#8220; background_color=&#8220;#FFFFFF&#8220; width=&#8220;90%&#8220; max_width=&#8220;1280px&#8220; custom_padding=&#8220;0px|20px|0px|20px|false|false&#8220; custom_padding_tablet=&#8220;|0px||0px||true&#8220; custom_padding_phone=&#8220;|0px||0px||true&#8220; global_colors_info=&#8220;{}&#8220;][et_pb_column type=&#8220;3_5&#8243; _builder_version=&#8220;4.19.5&#8243; _module_preset=&#8220;default&#8220; global_colors_info=&#8220;{}&#8220;][et_pb_text _builder_version=&#8220;4.27.4&#8243; text_font=&#8220;||||||||&#8220; text_line_height=&#8220;2em&#8220; header_font=&#8220;|700||on|||||&#8220; header_font_size=&#8220;19px&#8220; header_2_font=&#8220;|700||on|||||&#8220; header_2_text_color=&#8220;#002754&#8243; header_2_font_size=&#8220;19px&#8220; header_2_line_height=&#8220;1.2em&#8220; header_3_font=&#8220;|600||on|||||&#8220; header_3_font_size=&#8220;16px&#8220; header_6_font=&#8220;Raleway|700||on|||||&#8220; header_6_font_size=&#8220;16px&#8220; header_6_letter_spacing=&#8220;5px&#8220; header_6_line_height=&#8220;1.8em&#8220; text_orientation=&#8220;center&#8220; max_width=&#8220;1440px&#8220; module_alignment=&#8220;left&#8220; custom_margin=&#8220;|||0px|false|false&#8220; custom_padding=&#8220;|20px||0px|false|false&#8220; global_colors_info=&#8220;{}&#8220;]<\/p>\n<h2 style=\"text-align: left;\">Praktische Informationen<\/h2>\n<h3 style=\"text-align: left;\"><strong>Das Servicegeb\u00e4ude<\/strong><\/h3>\n<p style=\"text-align: left;\"><span>Das Servicegeb\u00e4ude befindet sich in unmittelbarer N\u00e4he zu den H\u00fctten und umfasst Toiletten, Duschen, Sp\u00fclm\u00f6glichkeiten und eine kleine K\u00fcche. Varmvatten i duscharna ing\u00e5r i priset.  <\/span><\/p>\n<h3 style=\"text-align: left;\"><strong>Bettdecken und Kissen<\/strong><\/h3>\n<p style=\"text-align: left;\"><span>Decken und Kissen sind in den H\u00fctten vorhanden. Schlafs\u00e4cke\/Bettw\u00e4sche und Handt\u00fccher m\u00fcssen mitgebracht werden.  Bettw\u00e4sche und Handt\u00fccher k\u00f6nnen bei Verf\u00fcgbarkeit auch f\u00fcr 120 SEK\/Set gemietet werden. <\/span><\/p>\n<h3 style=\"text-align: left;\"><strong>Wi-Fi<\/strong><\/h3>\n<p style=\"text-align: left;\"><span>Kostenloses WLAN ist auf Teilen des Gel\u00e4ndes verf\u00fcgbar. Derzeit k\u00f6nnen wir jedoch keine vollst\u00e4ndige Abdeckung in allen H\u00fctten oder Campingpl\u00e4tzen garantieren.  <\/span><\/p>\n<h3 style=\"text-align: left;\"><strong>Haustiere<\/strong><\/h3>\n<p style=\"text-align: left;\">Wir hei\u00dfen Haustiere in unseren H\u00fctten gegen eine Haustiergeb\u00fchr willkommen. Vergessen Sie nicht, diese Geb\u00fchr hinzuzuf\u00fcgen, wenn Sie die Campingh\u00fctte buchen. Bitte beachten Sie, dass Haustiere im Hostel nicht erlaubt sind.  <\/p>\n<h3 style=\"text-align: left;\"><strong>Reinigung<\/strong><\/h3>\n<p style=\"text-align: left;\">Die Reinigung ist nicht inbegriffen. Die H\u00fctte muss vor der Abreise gereinigt werden (<a href=\"https:\/\/www.vallecamping.se\/de\/reinigungsinstruktionen\/\">Reinigungsinstruktionen<\/a>).  Eine nicht gereinigte H\u00fctte wird mit einer zus\u00e4tzlichen Geb\u00fchr berechnet, siehe unsere <a href=\"https:\/\/www.vallecamping.se\/de\/buchungsbedingungen\/\">Buchungsbedingungen<\/a>. Die Abreisereinigung kann (je nach Verf\u00fcgbarkeit) als Zusatzleistung erworben werden. In diesem Fall m\u00fcssen Sie nur das Geschirr abwaschen und den M\u00fcll an den daf\u00fcr vorgesehenen Stellen entsorgen, und wir reinigen die H\u00fctte f\u00fcr Sie. Die Abreisereinigung muss immer bei der Buchung bestellt werden und kann nicht nachtr\u00e4glich hinzugef\u00fcgt werden. <\/p>\n<p>[\/et_pb_text][et_pb_text _builder_version=&#8220;4.27.4&#8243; text_font=&#8220;||||||||&#8220; text_line_height=&#8220;2em&#8220; header_font=&#8220;||||||||&#8220; header_2_font=&#8220;|700||on|||||&#8220; header_2_text_color=&#8220;#002754&#8243; header_2_font_size=&#8220;19px&#8220; header_2_line_height=&#8220;1.2em&#8220; header_3_font=&#8220;|600||on|||||&#8220; header_3_font_size=&#8220;16px&#8220; header_6_font=&#8220;Raleway|700||on|||||&#8220; header_6_font_size=&#8220;16px&#8220; header_6_letter_spacing=&#8220;5px&#8220; header_6_line_height=&#8220;1.8em&#8220; text_orientation=&#8220;center&#8220; max_width=&#8220;1440px&#8220; module_alignment=&#8220;left&#8220; custom_margin=&#8220;|||0px|false|false&#8220; custom_padding=&#8220;|20px||0px|false|false&#8220; global_colors_info=&#8220;{}&#8220;]<\/p>\n<h2 style=\"text-align: left;\">Suchen Sie ein Zimmer oder einen Stellplatz?<\/h2>\n<p style=\"text-align: left;\">Wir bieten auch <a href=\"https:\/\/www.vallecamping.se\/vandrarhem-2\/\">Hostelzimmer <\/a>f\u00fcr G\u00e4ste, die ein eigenes WC und eine eigene Dusche im Zimmer w\u00fcnschen. F\u00fcr Hostelg\u00e4ste steht au\u00dferdem eine gro\u00dfe Gemeinschaftsk\u00fcche zur Selbstverpflegung zur Verf\u00fcgung. <\/p>\n<p style=\"text-align: left;\">Sie k\u00f6nnen die Verf\u00fcgbarkeit pr\u00fcfen und unsere weiteren Unterkunftsarten \u00fcber unsere <a href=\"https:\/\/www.vallecamping.se\/de\/reservieren\/\">Buchungsseite <\/a>reservieren.<\/p>\n<h3 style=\"text-align: left;\">Familientreffen, Treffen mit Freunden, Vereine&#8230;<\/h3>\n<p style=\"text-align: left;\">Gr\u00f6\u00dfere Gruppen k\u00f6nnen die gesamte Anlage oder Teile davon mieten. Weitere <a href=\"https:\/\/www.vallecamping.se\/de\/gruppen\/\">Informationen f\u00fcr Gruppen finden Sie hier<\/a>.<\/p>\n<h3 style=\"text-align: left;\">\u00dcBER VALLE CAMPING<\/h3>\n<p style=\"text-align: left;\">Valle Camping liegt in der N\u00e4he weiterer beliebter <a href=\"https:\/\/www.vallecamping.se\/de\/ausflugstipps\/\">Ausflugsziele<\/a> wie dem <a href=\"https:\/\/www.vallecamping.se\/de\/skara-sommarland\/\">Skara Sommerland<\/a>, der <a href=\"https:\/\/www.vallecamping.se\/de\/axevalla-rennbahn-und-das-stochampionat\/\">Axevalla-Trabrennbahn mit dem Stochampionat<\/a>, der Klosterkirche von Varnhem mit dem <a href=\"https:\/\/www.vallecamping.se\/de\/kata-gard\/\">Gut Kata<\/a> und dem <a href=\"https:\/\/www.vallecamping.se\/de\/der-kranichtanz-am-hornborgasee\/\">Hornborgasee mit dem Kranich-Tanz<\/a>. Die wundersch\u00f6nen <a href=\"https:\/\/www.vallecamping.se\/de\/wandern-in-valle\/\">Wanderwege von Valle<\/a> befinden sich direkt vor der Haust\u00fcr der H\u00fctten. <a href=\"https:\/\/www.vallecamping.se\/de\/\">Erfahren Sie mehr \u00fcber Valle Camping&#8230;<\/a><\/p>\n<p style=\"text-align: left;\">Sie finden weitere Tipps f\u00fcr Aktivit\u00e4ten in der Umgebung auf &#8218;<a href=\"https:\/\/www.sommariskara.se\/\" target=\"_blank\" rel=\"noopener\">Sommar i Skara&#8216;<\/a><\/p>\n<p>[\/et_pb_text][\/et_pb_column][et_pb_column type=&#8220;2_5&#8243; _builder_version=&#8220;4.19.5&#8243; _module_preset=&#8220;default&#8220; global_colors_info=&#8220;{}&#8220;][et_pb_text _builder_version=&#8220;4.16&#8243; _module_preset=&#8220;default&#8220; min_height=&#8220;24.6px&#8220; custom_padding=&#8220;20px||4px|||&#8220; global_colors_info=&#8220;{}&#8220;]<\/p>\n<p><strong>Die Bilder unten zeigen einige der 5-Bett-H\u00fctten<\/strong>. Bitte beachten Sie, dass die H\u00fctten mit f\u00fcnf Betten unterschiedliche Grundrisse und Aussehen haben.<\/p>\n<p>[\/et_pb_text][et_pb_gallery gallery_ids=&#8220;15310,15314,15308,15312&#8243; fullwidth=&#8220;on&#8220; _builder_version=&#8220;4.27.4&#8243; _module_preset=&#8220;default&#8220; title_text_color=&#8220;#FFFFFF&#8220; title_font_size=&#8220;17px&#8220; pagination_text_color=&#8220;#FFFFFF&#8220; pagination_font_size=&#8220;15px&#8220; background_layout=&#8220;dark&#8220; auto=&#8220;on&#8220; border_radii=&#8220;on|7px|7px|7px|7px&#8220; box_shadow_style=&#8220;preset1&#8243; global_colors_info=&#8220;{}&#8220;][\/et_pb_gallery][et_pb_text _builder_version=&#8220;4.21.0&#8243; _module_preset=&#8220;default&#8220; min_height=&#8220;24.6px&#8220; custom_padding=&#8220;20px||4px|||&#8220; global_colors_info=&#8220;{}&#8220;]<\/p>\n<p><strong>Valle camping<\/strong><\/p>\n<p><strong>Die untenstehende Abbildung zeigt den Grundriss der 4-Bett-H\u00fctten<\/strong> (Alle <strong>4-Bett-H\u00fctten<\/strong> haben denselben Grundriss).<\/p>\n<p>[\/et_pb_text][et_pb_image src=&#8220;https:\/\/www.vallecamping.se\/wp-content\/uploads\/2022\/11\/Planritning-stuga.jpg&#8220; title_text=&#8220;Stuga-Grundriss&#8220; show_in_lightbox=&#8220;on&#8220; _builder_version=&#8220;4.19.0&#8243; _module_preset=&#8220;default&#8220; border_radii=&#8220;on|10px|10px|10px|10px&#8220; global_colors_info=&#8220;{}&#8220;][\/et_pb_image][\/et_pb_column][\/et_pb_row][et_pb_row use_custom_gutter=&#8220;on&#8220; gutter_width=&#8220;2&#8243; make_equal=&#8220;on&#8220; _builder_version=&#8220;4.19.0&#8243; _module_preset=&#8220;default&#8220; background_color=&#8220;rgba(0,0,0,0)&#8220; width=&#8220;100%&#8220; max_width=&#8220;1280px&#8220; min_height=&#8220;504px&#8220; custom_margin=&#8220;-10px|auto||auto|false|false&#8220; custom_margin_tablet=&#8220;&#8220; custom_margin_phone=&#8220;0px|auto||auto|false|false&#8220; custom_margin_last_edited=&#8220;on|phone&#8220; custom_padding=&#8220;24px|18px|7px|18px|false|true&#8220; global_colors_info=&#8220;{}&#8220;][et_pb_column type=&#8220;4_4&#8243; _builder_version=&#8220;4.16&#8243; _module_preset=&#8220;default&#8220; background_color=&#8220;rgba(0,0,0,0)&#8220; global_colors_info=&#8220;{}&#8220;][et_pb_blog fullwidth=&#8220;off&#8220; posts_number=&#8220;12&#8243; include_categories=&#8220;52&#8243; excerpt_length=&#8220;75&#8243; show_more=&#8220;on&#8220; show_author=&#8220;off&#8220; show_date=&#8220;off&#8220; show_categories=&#8220;off&#8220; _builder_version=&#8220;4.16&#8243; _module_preset=&#8220;default&#8220; header_font=&#8220;|700||on|||||&#8220; header_text_color=&#8220;#004890&#8243; header_font_size=&#8220;20px&#8220; header_line_height=&#8220;1.3em&#8220; read_more_font=&#8220;|700||on|||||&#8220; read_more_text_color=&#8220;#004890&#8243; background_color=&#8220;rgba(0,0,0,0)&#8220; custom_padding=&#8220;0px|0px||0px|false|false&#8220; custom_css_read_more=&#8220;color: #e09900;||display: block;||text-align:center;||margin-top: 10px;||border: 1px solid #ccc;||padding: 5px;||text-transform: capitalize;||letter-spacing: 1px;&#8220; border_radii=&#8220;on|12px|12px|12px|12px&#8220; box_shadow_style=&#8220;preset3&#8243; global_colors_info=&#8220;{}&#8220;][\/et_pb_blog][\/et_pb_column][\/et_pb_row][et_pb_row use_custom_gutter=&#8220;on&#8220; gutter_width=&#8220;2&#8243; make_equal=&#8220;on&#8220; _builder_version=&#8220;4.19.0&#8243; _module_preset=&#8220;default&#8220; background_color=&#8220;rgba(0,0,0,0)&#8220; width=&#8220;100%&#8220; max_width=&#8220;1280px&#8220; min_height=&#8220;504px&#8220; custom_margin=&#8220;-10px|auto||auto|false|false&#8220; custom_margin_tablet=&#8220;&#8220; custom_margin_phone=&#8220;0px|auto||auto|false|false&#8220; custom_margin_last_edited=&#8220;on|phone&#8220; custom_padding=&#8220;24px|18px|7px|18px|false|true&#8220; global_colors_info=&#8220;{}&#8220;][et_pb_column type=&#8220;4_4&#8243; _builder_version=&#8220;4.16&#8243; _module_preset=&#8220;default&#8220; background_color=&#8220;rgba(0,0,0,0)&#8220; global_colors_info=&#8220;{}&#8220;][et_pb_blog fullwidth=&#8220;off&#8220; posts_number=&#8220;6&#8243; include_categories=&#8220;49,51&#8243; excerpt_length=&#8220;75&#8243; show_more=&#8220;on&#8220; show_author=&#8220;off&#8220; show_date=&#8220;off&#8220; show_categories=&#8220;off&#8220; _builder_version=&#8220;4.19.5&#8243; _module_preset=&#8220;default&#8220; header_font=&#8220;|700||on|||||&#8220; header_text_color=&#8220;#004890&#8243; header_font_size=&#8220;20px&#8220; header_line_height=&#8220;1.3em&#8220; read_more_font=&#8220;|700||on|||||&#8220; read_more_text_color=&#8220;#004890&#8243; background_color=&#8220;rgba(0,0,0,0)&#8220; custom_padding=&#8220;0px|0px||0px|false|false&#8220; custom_css_read_more=&#8220;color: #e09900;||display: block;||text-align:center;||margin-top: 10px;||border: 1px solid #ccc;||padding: 5px;||text-transform: capitalize;||letter-spacing: 1px;&#8220; border_radii=&#8220;on|12px|12px|12px|12px&#8220; box_shadow_style=&#8220;preset3&#8243; global_colors_info=&#8220;{}&#8220;][\/et_pb_blog][\/et_pb_column][\/et_pb_row][\/et_pb_section][et_pb_section fb_built=&#8220;1&#8243; admin_label=&#8220;Popup &#8211; #kontakt&#8220; module_id=&#8220;kontakt&#8220; module_class=&#8220;popup&#8220; _builder_version=&#8220;4.25.2&#8243; _module_preset=&#8220;default&#8220; width=&#8220;40%&#8220; width_tablet=&#8220;90%&#8220; width_phone=&#8220;90%&#8220; width_last_edited=&#8220;on|tablet&#8220; da_is_popup=&#8220;on&#8220; da_popup_slug=&#8220;kontakt&#8220; da_disable_devices=&#8220;off|off|off&#8220; border_radii=&#8220;on|10px|10px|10px|10px&#8220; saved_tabs=&#8220;all&#8220; global_colors_info=&#8220;{}&#8220; da_exit_intent=&#8220;off&#8220; da_has_close=&#8220;on&#8220; da_alt_close=&#8220;off&#8220; da_dark_close=&#8220;off&#8220; da_not_modal=&#8220;on&#8220; da_is_singular=&#8220;off&#8220; da_with_loader=&#8220;off&#8220; da_has_shadow=&#8220;on&#8220;][et_pb_row _builder_version=&#8220;4.25.2&#8243; _module_preset=&#8220;default&#8220; global_colors_info=&#8220;{}&#8220;][et_pb_column type=&#8220;4_4&#8243; _builder_version=&#8220;4.25.2&#8243; _module_preset=&#8220;default&#8220; global_colors_info=&#8220;{}&#8220;][et_pb_text _builder_version=&#8220;4.25.2&#8243; _module_preset=&#8220;default&#8220; text_font=&#8220;||||||||&#8220; text_text_color=&#8220;#ffffff&#8220; text_font_size=&#8220;18px&#8220; header_font=&#8220;|700||on|||||&#8220; header_text_color=&#8220;#000000&#8243; header_font_size=&#8220;31px&#8220; header_line_height=&#8220;0.9em&#8220; header_2_font=&#8220;|700||on|||||&#8220; header_2_text_color=&#8220;#002860&#8243; header_2_font_size=&#8220;30px&#8220; header_2_line_height=&#8220;1.2em&#8220; background_color=&#8220;rgba(0,0,0,0)&#8220; custom_margin=&#8220;||0px||false|false&#8220; custom_padding=&#8220;9px|1px|0px|1px|false|true&#8220; header_font_size_tablet=&#8220;22px&#8220; header_font_size_phone=&#8220;29px&#8220; header_font_size_last_edited=&#8220;on|desktop&#8220; header_2_font_size_tablet=&#8220;27px&#8220; header_2_font_size_phone=&#8220;28px&#8220; header_2_font_size_last_edited=&#8220;on|desktop&#8220; global_colors_info=&#8220;{}&#8220;]<\/p>\n<h2>Kontaktieren Sie uns<\/h2>\n<p>[\/et_pb_text][wpforms_selector form_id=&#8220;13392&#8243; _builder_version=&#8220;4.25.2&#8243; _module_preset=&#8220;default&#8220; global_colors_info=&#8220;{}&#8220;][\/wpforms_selector][\/et_pb_column][\/et_pb_row][\/et_pb_section][et_pb_section fb_built=&#8220;1&#8243; admin_label=&#8220;Sektion&#8220; _builder_version=&#8220;4.16&#8243; _module_preset=&#8220;default&#8220; custom_margin=&#8220;-1px|||||&#8220; custom_padding=&#8220;5px||52px|||&#8220; bottom_divider_style=&#8220;wave2&#8243; bottom_divider_color=&#8220;#A9BDCC &#8220; da_disable_devices=&#8220;off|off|off&#8220; global_colors_info=&#8220;{}&#8220; da_is_popup=&#8220;off&#8220; da_exit_intent=&#8220;off&#8220; da_has_close=&#8220;on&#8220; da_alt_close=&#8220;off&#8220; da_dark_close=&#8220;off&#8220; da_not_modal=&#8220;on&#8220; da_is_singular=&#8220;off&#8220; da_with_loader=&#8220;off&#8220; da_has_shadow=&#8220;on&#8220;][et_pb_row use_custom_gutter=&#8220;on&#8220; gutter_width=&#8220;1&#8243; _builder_version=&#8220;4.16&#8243; _module_preset=&#8220;default&#8220; width=&#8220;100%&#8220; max_width=&#8220;100%&#8220; custom_padding=&#8220;||12px|||&#8220; global_colors_info=&#8220;{}&#8220;][et_pb_column type=&#8220;4_4&#8243; _builder_version=&#8220;4.16&#8243; _module_preset=&#8220;default&#8220; global_colors_info=&#8220;{}&#8220;][et_pb_gallery gallery_ids=&#8220;7065,7060,7066,7059,7056,7043,5927,13518,6831,6594,6481,15314,15312,15308,15310,15326,15318,15316&#8243; gallery_orderby=&#8220;rand&#8220; posts_number=&#8220;8&#8243; show_title_and_caption=&#8220;off&#8220; _builder_version=&#8220;4.16&#8243; _module_preset=&#8220;default&#8220; global_colors_info=&#8220;{}&#8220;][\/et_pb_gallery][\/et_pb_column][\/et_pb_row][\/et_pb_section][et_pb_section fb_built=&#8220;1&#8243; admin_label=&#8220;Sektion&#8220; _builder_version=&#8220;4.16&#8243; _module_preset=&#8220;default&#8220; background_image=&#8220;https:\/\/www.vallecamping.se\/wp-content\/uploads\/2020\/11\/bAKGRUND1.png&#8220; parallax=&#8220;on&#8220; parallax_method=&#8220;off&#8220; z_index=&#8220;381&#8243; custom_margin=&#8220;||-4px|||&#8220; custom_padding=&#8220;65px||4px|||&#8220; top_divider_style=&#8220;wave2&#8243; top_divider_color=&#8220;#a9bdcc&#8220; top_divider_height=&#8220;77px&#8220; bottom_divider_style=&#8220;wave2&#8243; bottom_divider_color=&#8220;#A9BDCC &#8220; bottom_divider_height=&#8220;47px&#8220; da_disable_devices=&#8220;off|off|off&#8220; saved_tabs=&#8220;all&#8220; global_colors_info=&#8220;{}&#8220; da_is_popup=&#8220;off&#8220; da_exit_intent=&#8220;off&#8220; da_has_close=&#8220;on&#8220; da_alt_close=&#8220;off&#8220; da_dark_close=&#8220;off&#8220; da_not_modal=&#8220;on&#8220; da_is_singular=&#8220;off&#8220; da_with_loader=&#8220;off&#8220; da_has_shadow=&#8220;on&#8220;][et_pb_row use_custom_gutter=&#8220;on&#8220; gutter_width=&#8220;2&#8243; make_equal=&#8220;on&#8220; _builder_version=&#8220;4.16&#8243; _module_preset=&#8220;default&#8220; width=&#8220;90%&#8220; max_width=&#8220;1280px&#8220; custom_padding=&#8220;||46px||false|false&#8220; global_colors_info=&#8220;{}&#8220;][et_pb_column type=&#8220;4_4&#8243; _builder_version=&#8220;4.16&#8243; _module_preset=&#8220;default&#8220; global_colors_info=&#8220;{}&#8220;][et_pb_pricing_tables header_background_color=&#8220;#5c82a3&#8243; featured_table_bullet_color=&#8220;#ffffff&#8220; bullet_color=&#8220;#ffffff&#8220; _builder_version=&#8220;4.27.4&#8243; _module_preset=&#8220;default&#8220; body_font=&#8220;|600||on|||||&#8220; body_font_size=&#8220;17px&#8220; background_color=&#8220;rgba(0,0,0,0)&#8220; background_enable_image=&#8220;off&#8220; custom_button=&#8220;on&#8220; button_text_color=&#8220;#ffffff&#8220; button_bg_color=&#8220;#5C82A3&#8243; button_border_color=&#8220;#ffffff&#8220; width=&#8220;100%&#8220; max_width=&#8220;100%&#8220; border_radii=&#8220;on|12px|12px|12px|12px&#8220; border_width_all=&#8220;5px&#8220; border_color_all=&#8220;#ffffff&#8220; global_colors_info=&#8220;{}&#8220;][et_pb_pricing_table title=&#8220;Zimmer&#8220; subtitle=&#8220;Zimmer mit 2+2 oder 4 Betten&#8220; sum=&#8220;ab SEK 890&#8243; button_url=&#8220;https:\/\/www.vallecamping.se\/de\/hostel\/&#8220; button_text=&#8220;Weiterlesen&#8220; bullet_color=&#8220;#dbdbdb&#8220; price_background_color=&#8220;rgba(255,255,255,0.88)&#8220; _builder_version=&#8220;4.27.4&#8243; _module_preset=&#8220;default&#8220; price_text_color=&#8220;#004890&#8243; header_font=&#8220;Roboto||||||||&#8220; body_font=&#8220;Roboto||||||||&#8220; body_text_color=&#8220;#ffffff&#8220; price_font=&#8220;Roboto||||||||&#8220; price_font_size=&#8220;39px&#8220; background_color=&#8220;rgba(0,0,0,0.18)&#8220; background_enable_color=&#8220;on&#8220; use_background_color_gradient=&#8220;on&#8220; background_color_gradient_direction=&#8220;142deg&#8220; background_color_gradient_stops=&#8220;#0a0202 0%|rgba(0,0,0,0) 100%&#8220; background_color_gradient_start=&#8220;#0a0202&#8243; background_color_gradient_end=&#8220;rgba(0,0,0,0)&#8220; background_image=&#8220;https:\/\/www.vallecamping.se\/wp-content\/uploads\/2025\/05\/Vandrarhemmet_sovplatser.jpg&#8220; background_enable_image=&#8220;on&#8220; background_blend=&#8220;overlay&#8220; body_text_shadow_style=&#8220;preset5&#8243; box_shadow_style=&#8220;preset3&#8243; global_colors_info=&#8220;{}&#8220; sticky_transition=&#8220;on&#8220;]<\/p>\n<p><span>Private Dusche und Toilette<\/span><\/p>\n<p><span>Gemeinschaftsk\u00fcche\/Abendraum <\/span><\/p>\n<p><span>Familienzimmer <\/span> und <span>Vierbettzimmer<\/span> <span><\/span><\/p>\n<p>[\/et_pb_pricing_table][et_pb_pricing_table title=&#8220;Campingh\u00fctten&#8220; subtitle=&#8220;4- und 5-Betten&#8220; sum=&#8220;ab SEK 625&#8243; button_url=&#8220;https:\/\/www.vallecamping.se\/de\/huetten\/&#8220; button_text=&#8220;Weiterlesen&#8220; bullet_color=&#8220;#dbdbdb&#8220; price_background_color=&#8220;rgba(255,255,255,0.88)&#8220; _builder_version=&#8220;4.27.4&#8243; _module_preset=&#8220;default&#8220; price_text_color=&#8220;#004890&#8243; header_font=&#8220;Roboto||||||||&#8220; body_font=&#8220;Roboto||||||||&#8220; body_text_color=&#8220;#ffffff&#8220; price_font=&#8220;Roboto||||||||&#8220; price_font_size=&#8220;39px&#8220; background_color=&#8220;rgba(0,0,0,0.18)&#8220; background_enable_color=&#8220;on&#8220; use_background_color_gradient=&#8220;on&#8220; background_color_gradient_direction=&#8220;142deg&#8220; background_color_gradient_stops=&#8220;#0a0202 0%|rgba(0,0,0,0) 100%&#8220; background_color_gradient_start=&#8220;#0a0202&#8243; background_color_gradient_end=&#8220;rgba(0,0,0,0)&#8220; background_image=&#8220;https:\/\/www.vallecamping.se\/wp-content\/uploads\/2020\/09\/Valle_Camping_Stugor-124-1.jpeg&#8220; background_enable_image=&#8220;on&#8220; background_blend=&#8220;overlay&#8220; body_text_shadow_style=&#8220;preset5&#8243; box_shadow_style=&#8220;preset3&#8243; global_colors_info=&#8220;{}&#8220; sticky_transition=&#8220;on&#8220;]<\/p>\n<p><span>4- oder 5-Betten <\/span><\/p>\n<p><span> K\u00fchlschrank\/Kocherplatte<\/span><\/p>\n<p><span>Nahe dem Servicegeb\u00e4ude<\/span><\/p>\n<p>[\/et_pb_pricing_table][et_pb_pricing_table title=&#8220;Campingplatz&#8220; subtitle=&#8220;Zelt, Wohnwagen, Wohnmobil&#8220; sum=&#8220;ab SEK 295&#8243; button_url=&#8220;https:\/\/www.vallecamping.se\/de\/camping\/&#8220; button_text=&#8220;Weiterlesen&#8220; bullet_color=&#8220;#dbdbdb&#8220; price_background_color=&#8220;rgba(255,255,255,0.88)&#8220; _builder_version=&#8220;4.27.4&#8243; _module_preset=&#8220;default&#8220; price_text_color=&#8220;#004890&#8243; header_font=&#8220;Roboto||||||||&#8220; body_font=&#8220;Roboto||||||||&#8220; body_text_color=&#8220;#ffffff&#8220; price_font=&#8220;Roboto||||||||&#8220; price_font_size=&#8220;39px&#8220; background_color=&#8220;rgba(0,0,0,0.18)&#8220; background_enable_color=&#8220;on&#8220; use_background_color_gradient=&#8220;on&#8220; background_color_gradient_direction=&#8220;142deg&#8220; background_color_gradient_stops=&#8220;#0a0202 0%|rgba(0,0,0,0) 100%&#8220; background_color_gradient_start=&#8220;#0a0202&#8243; background_color_gradient_end=&#8220;rgba(0,0,0,0)&#8220; background_image=&#8220;https:\/\/www.vallecamping.se\/wp-content\/uploads\/2020\/10\/Vallecamping_Camping-20100721.jpeg&#8220; background_enable_image=&#8220;on&#8220; background_position=&#8220;top_center&#8220; background_blend=&#8220;overlay&#8220; body_text_shadow_style=&#8220;preset5&#8243; box_shadow_style=&#8220;preset3&#8243; global_colors_info=&#8220;{}&#8220; sticky_transition=&#8220;on&#8220;]<\/p>\n<p>Stellpl\u00e4tze mit\/ohne Strom<\/p>\n<p>Pl\u00e4tze am See<\/p>\n<p>Nahe dem Servicegeb\u00e4ude<\/p>\n<p>[\/et_pb_pricing_table][et_pb_pricing_table title=&#8220;Stellpl\u00e4tze&#8220; subtitle=&#8220;Wohnmobil&#8220; sum=&#8220;ab SEK 250&#8243; button_url=&#8220;https:\/\/www.vallecamping.se\/de\/stellplaetze\/&#8220; button_text=&#8220;Weiterlesen&#8220; bullet_color=&#8220;#dbdbdb&#8220; price_background_color=&#8220;rgba(255,255,255,0.88)&#8220; _builder_version=&#8220;4.27.4&#8243; _module_preset=&#8220;default&#8220; price_text_color=&#8220;#004890&#8243; header_font=&#8220;Roboto||||||||&#8220; body_font=&#8220;Roboto||||||||&#8220; body_text_color=&#8220;#ffffff&#8220; price_font=&#8220;Roboto||||||||&#8220; price_font_size=&#8220;39px&#8220; background_color=&#8220;rgba(0,0,0,0.18)&#8220; background_enable_color=&#8220;on&#8220; use_background_color_gradient=&#8220;on&#8220; background_color_gradient_direction=&#8220;142deg&#8220; background_color_gradient_stops=&#8220;#0a0202 0%|rgba(0,0,0,0) 100%&#8220; background_color_gradient_start=&#8220;#0a0202&#8243; background_color_gradient_end=&#8220;rgba(0,0,0,0)&#8220; background_image=&#8220;https:\/\/www.vallecamping.se\/wp-content\/uploads\/2020\/09\/Valle_Camping_Camping-304.jpeg&#8220; background_enable_image=&#8220;on&#8220; background_blend=&#8220;overlay&#8220; body_text_shadow_style=&#8220;preset5&#8243; box_shadow_style=&#8220;preset3&#8243; global_colors_info=&#8220;{}&#8220; sticky_transition=&#8220;on&#8220;]<\/p>\n<p>Stellpl\u00e4tze mit\/ohne Strom<\/p>\n<p>Nahe dem Servicegeb\u00e4ude<\/p>\n<p>Toilettenentleerung<\/p>\n<p>[\/et_pb_pricing_table][\/et_pb_pricing_tables][\/et_pb_column][\/et_pb_row][\/et_pb_section]<\/p>\n","protected":false},"excerpt":{"rendered":"<p>H\u00dcTTEN 4 oder 5 BettenH\u00fctten am See in der Naturregion Valle \u2013 F\u00fcr alle, die Wandern, Angeln und Entspannen lieben Suchen Sie eine ruhige Unterkunft inmitten der Natur, nahe einem Badesee, Wanderwegen und Angelm\u00f6glichkeiten? Auf dem Campingplatz Valle wohnen Sie in H\u00fctten in idyllischer Lage \u2013 und Skara Sommarland ist nur wenige Minuten entfernt. Unsere [&hellip;]<\/p>\n","protected":false},"author":1,"featured_media":0,"parent":0,"menu_order":0,"comment_status":"closed","ping_status":"closed","template":"","meta":{"_et_pb_use_builder":"on","_et_pb_old_content":"","_et_gb_content_width":"","footnotes":""},"class_list":["post-12650","page","type-page","status-publish","hentry"],"yoast_head":"<!-- This site is optimized with the Yoast SEO plugin v27.5 - https:\/\/yoast.com\/product\/yoast-seo-wordpress\/ -->\n<title>H\u00fctte am See in der sch\u00f6nen Valle-Region \u2013 nahe Skara Sommarland -<\/title>\n<meta name=\"description\" content=\"Buchen Sie eine H\u00fctte am See in der malerischen Valle-Region. Genie\u00dfen Sie die Ruhe, wandern Sie durch Naturschutzgebiete, baden Sie im See und verbringen Sie Zeit mit der Familie inmitten der Natur.\" \/>\n<meta name=\"robots\" content=\"index, follow, max-snippet:-1, max-image-preview:large, max-video-preview:-1\" \/>\n<link rel=\"canonical\" href=\"https:\/\/www.vallecamping.se\/de\/huetten\/\" \/>\n<meta property=\"og:locale\" content=\"de_DE\" \/>\n<meta property=\"og:type\" content=\"article\" \/>\n<meta property=\"og:title\" content=\"H\u00fctte am See in der sch\u00f6nen Valle-Region \u2013 nahe Skara Sommarland -\" \/>\n<meta property=\"og:description\" content=\"Buchen Sie eine H\u00fctte am See in der malerischen Valle-Region. Genie\u00dfen Sie die Ruhe, wandern Sie durch Naturschutzgebiete, baden Sie im See und verbringen Sie Zeit mit der Familie inmitten der Natur.\" \/>\n<meta property=\"og:url\" content=\"https:\/\/www.vallecamping.se\/de\/huetten\/\" \/>\n<meta property=\"og:site_name\" content=\"Valle Camping AB\" \/>\n<meta property=\"article:publisher\" content=\"https:\/\/www.facebook.com\/vallecamping\" \/>\n<meta property=\"article:modified_time\" content=\"2025-06-23T21:34:38+00:00\" \/>\n<meta name=\"twitter:card\" content=\"summary_large_image\" \/>\n<meta name=\"twitter:label1\" content=\"Gesch\u00e4tzte Lesezeit\" \/>\n\t<meta name=\"twitter:data1\" content=\"18\u00a0Minuten\" \/>\n<script type=\"application\/ld+json\" class=\"yoast-schema-graph\">{\"@context\":\"https:\\\/\\\/schema.org\",\"@graph\":[{\"@type\":\"WebPage\",\"@id\":\"https:\\\/\\\/www.vallecamping.se\\\/de\\\/huetten\\\/\",\"url\":\"https:\\\/\\\/www.vallecamping.se\\\/de\\\/huetten\\\/\",\"name\":\"H\u00fctte am See in der sch\u00f6nen Valle-Region \u2013 nahe Skara Sommarland -\",\"isPartOf\":{\"@id\":\"https:\\\/\\\/www.vallecamping.se\\\/de\\\/#website\"},\"datePublished\":\"2020-10-01T14:39:32+00:00\",\"dateModified\":\"2025-06-23T21:34:38+00:00\",\"description\":\"Buchen Sie eine H\u00fctte am See in der malerischen Valle-Region. Genie\u00dfen Sie die Ruhe, wandern Sie durch Naturschutzgebiete, baden Sie im See und verbringen Sie Zeit mit der Familie inmitten der Natur.\",\"breadcrumb\":{\"@id\":\"https:\\\/\\\/www.vallecamping.se\\\/de\\\/huetten\\\/#breadcrumb\"},\"inLanguage\":\"de\",\"potentialAction\":[{\"@type\":\"ReadAction\",\"target\":[\"https:\\\/\\\/www.vallecamping.se\\\/de\\\/huetten\\\/\"]}]},{\"@type\":\"BreadcrumbList\",\"@id\":\"https:\\\/\\\/www.vallecamping.se\\\/de\\\/huetten\\\/#breadcrumb\",\"itemListElement\":[{\"@type\":\"ListItem\",\"position\":1,\"name\":\"Hem\",\"item\":\"https:\\\/\\\/www.vallecamping.se\\\/de\\\/\"},{\"@type\":\"ListItem\",\"position\":2,\"name\":\"H\u00fctte am See in der sch\u00f6nen Valle-Region \u2013 nahe Skara Sommarland\"}]},{\"@type\":\"WebSite\",\"@id\":\"https:\\\/\\\/www.vallecamping.se\\\/de\\\/#website\",\"url\":\"https:\\\/\\\/www.vallecamping.se\\\/de\\\/\",\"name\":\"Valle Camping AB\",\"description\":\"Valle Camping - Stugor, camping, st\u00e4llplatser och vandrarhem vid sj\u00f6 i vackra Valle n\u00e4ra Skara sommarland, Hornborgasj\u00f6n, Varnhems klosterkyrka, Kata g\u00e5rd med mera\",\"publisher\":{\"@id\":\"https:\\\/\\\/www.vallecamping.se\\\/de\\\/#organization\"},\"alternateName\":\"Valle camping\",\"potentialAction\":[{\"@type\":\"SearchAction\",\"target\":{\"@type\":\"EntryPoint\",\"urlTemplate\":\"https:\\\/\\\/www.vallecamping.se\\\/de\\\/?s={search_term_string}\"},\"query-input\":{\"@type\":\"PropertyValueSpecification\",\"valueRequired\":true,\"valueName\":\"search_term_string\"}}],\"inLanguage\":\"de\"},{\"@type\":\"Organization\",\"@id\":\"https:\\\/\\\/www.vallecamping.se\\\/de\\\/#organization\",\"name\":\"Valle camping AB\",\"alternateName\":\"Valle camping\",\"url\":\"https:\\\/\\\/www.vallecamping.se\\\/de\\\/\",\"logo\":{\"@type\":\"ImageObject\",\"inLanguage\":\"de\",\"@id\":\"https:\\\/\\\/www.vallecamping.se\\\/de\\\/#\\\/schema\\\/logo\\\/image\\\/\",\"url\":\"https:\\\/\\\/www.vallecamping.se\\\/wp-content\\\/uploads\\\/2023\\\/03\\\/Valle-Camping-Icon2303-1.png\",\"contentUrl\":\"https:\\\/\\\/www.vallecamping.se\\\/wp-content\\\/uploads\\\/2023\\\/03\\\/Valle-Camping-Icon2303-1.png\",\"width\":500,\"height\":496,\"caption\":\"Valle camping AB\"},\"image\":{\"@id\":\"https:\\\/\\\/www.vallecamping.se\\\/de\\\/#\\\/schema\\\/logo\\\/image\\\/\"},\"sameAs\":[\"https:\\\/\\\/www.facebook.com\\\/vallecamping\",\"https:\\\/\\\/www.instagram.com\\\/vallecampingstugor\\\/\",\"https:\\\/\\\/www.youtube.com\\\/channel\\\/UCoJUm2JGJm1kc46V1JnI47Q\"]}]}<\/script>\n<!-- \/ Yoast SEO plugin. -->","yoast_head_json":{"title":"H\u00fctte am See in der sch\u00f6nen Valle-Region \u2013 nahe Skara Sommarland -","description":"Buchen Sie eine H\u00fctte am See in der malerischen Valle-Region. Genie\u00dfen Sie die Ruhe, wandern Sie durch Naturschutzgebiete, baden Sie im See und verbringen Sie Zeit mit der Familie inmitten der Natur.","robots":{"index":"index","follow":"follow","max-snippet":"max-snippet:-1","max-image-preview":"max-image-preview:large","max-video-preview":"max-video-preview:-1"},"canonical":"https:\/\/www.vallecamping.se\/de\/huetten\/","og_locale":"de_DE","og_type":"article","og_title":"H\u00fctte am See in der sch\u00f6nen Valle-Region \u2013 nahe Skara Sommarland -","og_description":"Buchen Sie eine H\u00fctte am See in der malerischen Valle-Region. Genie\u00dfen Sie die Ruhe, wandern Sie durch Naturschutzgebiete, baden Sie im See und verbringen Sie Zeit mit der Familie inmitten der Natur.","og_url":"https:\/\/www.vallecamping.se\/de\/huetten\/","og_site_name":"Valle Camping AB","article_publisher":"https:\/\/www.facebook.com\/vallecamping","article_modified_time":"2025-06-23T21:34:38+00:00","twitter_card":"summary_large_image","twitter_misc":{"Gesch\u00e4tzte Lesezeit":"18\u00a0Minuten"},"schema":{"@context":"https:\/\/schema.org","@graph":[{"@type":"WebPage","@id":"https:\/\/www.vallecamping.se\/de\/huetten\/","url":"https:\/\/www.vallecamping.se\/de\/huetten\/","name":"H\u00fctte am See in der sch\u00f6nen Valle-Region \u2013 nahe Skara Sommarland -","isPartOf":{"@id":"https:\/\/www.vallecamping.se\/de\/#website"},"datePublished":"2020-10-01T14:39:32+00:00","dateModified":"2025-06-23T21:34:38+00:00","description":"Buchen Sie eine H\u00fctte am See in der malerischen Valle-Region. Genie\u00dfen Sie die Ruhe, wandern Sie durch Naturschutzgebiete, baden Sie im See und verbringen Sie Zeit mit der Familie inmitten der Natur.","breadcrumb":{"@id":"https:\/\/www.vallecamping.se\/de\/huetten\/#breadcrumb"},"inLanguage":"de","potentialAction":[{"@type":"ReadAction","target":["https:\/\/www.vallecamping.se\/de\/huetten\/"]}]},{"@type":"BreadcrumbList","@id":"https:\/\/www.vallecamping.se\/de\/huetten\/#breadcrumb","itemListElement":[{"@type":"ListItem","position":1,"name":"Hem","item":"https:\/\/www.vallecamping.se\/de\/"},{"@type":"ListItem","position":2,"name":"H\u00fctte am See in der sch\u00f6nen Valle-Region \u2013 nahe Skara Sommarland"}]},{"@type":"WebSite","@id":"https:\/\/www.vallecamping.se\/de\/#website","url":"https:\/\/www.vallecamping.se\/de\/","name":"Valle Camping AB","description":"Valle Camping - Stugor, camping, st\u00e4llplatser och vandrarhem vid sj\u00f6 i vackra Valle n\u00e4ra Skara sommarland, Hornborgasj\u00f6n, Varnhems klosterkyrka, Kata g\u00e5rd med mera","publisher":{"@id":"https:\/\/www.vallecamping.se\/de\/#organization"},"alternateName":"Valle camping","potentialAction":[{"@type":"SearchAction","target":{"@type":"EntryPoint","urlTemplate":"https:\/\/www.vallecamping.se\/de\/?s={search_term_string}"},"query-input":{"@type":"PropertyValueSpecification","valueRequired":true,"valueName":"search_term_string"}}],"inLanguage":"de"},{"@type":"Organization","@id":"https:\/\/www.vallecamping.se\/de\/#organization","name":"Valle camping AB","alternateName":"Valle camping","url":"https:\/\/www.vallecamping.se\/de\/","logo":{"@type":"ImageObject","inLanguage":"de","@id":"https:\/\/www.vallecamping.se\/de\/#\/schema\/logo\/image\/","url":"https:\/\/www.vallecamping.se\/wp-content\/uploads\/2023\/03\/Valle-Camping-Icon2303-1.png","contentUrl":"https:\/\/www.vallecamping.se\/wp-content\/uploads\/2023\/03\/Valle-Camping-Icon2303-1.png","width":500,"height":496,"caption":"Valle camping AB"},"image":{"@id":"https:\/\/www.vallecamping.se\/de\/#\/schema\/logo\/image\/"},"sameAs":["https:\/\/www.facebook.com\/vallecamping","https:\/\/www.instagram.com\/vallecampingstugor\/","https:\/\/www.youtube.com\/channel\/UCoJUm2JGJm1kc46V1JnI47Q"]}]}},"_links":{"self":[{"href":"https:\/\/www.vallecamping.se\/de\/wp-json\/wp\/v2\/pages\/12650","targetHints":{"allow":["GET"]}}],"collection":[{"href":"https:\/\/www.vallecamping.se\/de\/wp-json\/wp\/v2\/pages"}],"about":[{"href":"https:\/\/www.vallecamping.se\/de\/wp-json\/wp\/v2\/types\/page"}],"author":[{"embeddable":true,"href":"https:\/\/www.vallecamping.se\/de\/wp-json\/wp\/v2\/users\/1"}],"replies":[{"embeddable":true,"href":"https:\/\/www.vallecamping.se\/de\/wp-json\/wp\/v2\/comments?post=12650"}],"version-history":[{"count":67,"href":"https:\/\/www.vallecamping.se\/de\/wp-json\/wp\/v2\/pages\/12650\/revisions"}],"predecessor-version":[{"id":16482,"href":"https:\/\/www.vallecamping.se\/de\/wp-json\/wp\/v2\/pages\/12650\/revisions\/16482"}],"wp:attachment":[{"href":"https:\/\/www.vallecamping.se\/de\/wp-json\/wp\/v2\/media?parent=12650"}],"curies":[{"name":"wp","href":"https:\/\/api.w.org\/{rel}","templated":true}]}}