{"id":12591,"date":"2020-09-30T20:44:52","date_gmt":"2020-09-30T20:44:52","guid":{"rendered":"https:\/\/www.vallecamping.se\/privacy-policy\/"},"modified":"2025-05-30T15:16:12","modified_gmt":"2025-05-30T15:16:12","slug":"privacy-policy","status":"publish","type":"page","link":"https:\/\/www.vallecamping.se\/de\/privacy-policy\/","title":{"rendered":"Datenschutzrichtlinie"},"content":{"rendered":"<p>[et_pb_section fb_built=&#8220;1&#8243; admin_label=&#8220;Header&#8220; _builder_version=&#8220;4.16&#8243; background_image=&#8220;https:\/\/www.vallecamping.se\/wp-content\/uploads\/2020\/09\/4-baddsstugor.jpg&#8220; custom_margin=&#8220;-280px||||false|false&#8220; custom_margin_tablet=&#8220;-300px||||false|false&#8220; custom_margin_phone=&#8220;-270px||||false|false&#8220; custom_margin_last_edited=&#8220;on|phone&#8220; custom_padding=&#8220;8vw||4vw||false|&#8220; bottom_divider_style=&#8220;wave2&#8243; bottom_divider_color=&#8220;#a9bdcc&#8220; da_disable_devices=&#8220;off|off|off&#8220; global_colors_info=&#8220;{}&#8220; da_is_popup=&#8220;off&#8220; da_exit_intent=&#8220;off&#8220; da_has_close=&#8220;on&#8220; da_alt_close=&#8220;off&#8220; da_dark_close=&#8220;off&#8220; da_not_modal=&#8220;on&#8220; da_is_singular=&#8220;off&#8220; da_with_loader=&#8220;off&#8220; da_has_shadow=&#8220;on&#8220;][et_pb_row use_custom_gutter=&#8220;on&#8220; gutter_width=&#8220;2&#8243; custom_padding_last_edited=&#8220;on|phone&#8220; _builder_version=&#8220;4.16&#8243; width=&#8220;90%&#8220; max_width=&#8220;1280px&#8220; custom_padding=&#8220;100px||||false|false&#8220; custom_padding_tablet=&#8220;120px||||false|false&#8220; custom_padding_phone=&#8220;130px||||false|false&#8220; global_colors_info=&#8220;{}&#8220;][et_pb_column type=&#8220;4_4&#8243; _builder_version=&#8220;4.16&#8243; custom_padding=&#8220;|||&#8220; global_colors_info=&#8220;{}&#8220; custom_padding__hover=&#8220;|||&#8220;][et_pb_text _builder_version=&#8220;4.27.4&#8243; text_font=&#8220;|600||on|||||&#8220; text_text_color=&#8220;#ffffff&#8220; text_font_size=&#8220;22px&#8220; header_font=&#8220;|700||on|||||&#8220; header_text_color=&#8220;#FFFFFF&#8220; header_font_size=&#8220;67px&#8220; header_2_font=&#8220;|700|||||||&#8220; header_2_text_color=&#8220;#ffffff&#8220; header_2_font_size=&#8220;67px&#8220; header_3_font=&#8220;|700||on|||||&#8220; header_3_text_color=&#8220;#ffffff&#8220; text_orientation=&#8220;right&#8220; custom_padding=&#8220;|||20px|false|false&#8220; hover_enabled=&#8220;0&#8243; text_font_size_tablet=&#8220;20px&#8220; text_font_size_phone=&#8220;15px&#8220; text_font_size_last_edited=&#8220;on|phone&#8220; header_font_size_tablet=&#8220;52px&#8220; header_font_size_phone=&#8220;32px&#8220; header_font_size_last_edited=&#8220;on|phone&#8220; header_2_font_size_tablet=&#8220;52px&#8220; header_2_font_size_phone=&#8220;40px&#8220; header_2_font_size_last_edited=&#8220;on|phone&#8220; header_3_font_size_tablet=&#8220;52px&#8220; header_3_font_size_phone=&#8220;32px&#8220; header_3_font_size_last_edited=&#8220;on|phone&#8220; text_text_shadow_style=&#8220;preset1&#8243; header_text_shadow_style=&#8220;preset1&#8243; header_2_text_shadow_style=&#8220;preset1&#8243; global_colors_info=&#8220;{}&#8220; sticky_enabled=&#8220;0&#8243; header_3_font_size=&#8220;67px&#8220; header_3_text_align=&#8220;left&#8220; header_2_text_align=&#8220;left&#8220; header_text_align=&#8220;left&#8220;]<\/p>\n<h3 style=\"text-align: left;\">Datenschutzrichtlinie<\/h3>\n<p style=\"text-align: left;\">Valle Camping AB<\/p>\n<p>[\/et_pb_text][\/et_pb_column][\/et_pb_row][\/et_pb_section][et_pb_section fb_built=&#8220;1&#8243; _builder_version=&#8220;4.16&#8243; background_color=&#8220;rgba(177,193,204,0.32)&#8220; top_divider_style=&#8220;wave2&#8243; top_divider_color=&#8220;#a9bdcc&#8220; bottom_divider_style=&#8220;wave2&#8243; bottom_divider_color=&#8220;#a9bdcc&#8220; da_disable_devices=&#8220;off|off|off&#8220; global_colors_info=&#8220;{}&#8220; da_is_popup=&#8220;off&#8220; da_exit_intent=&#8220;off&#8220; da_has_close=&#8220;on&#8220; da_alt_close=&#8220;off&#8220; da_dark_close=&#8220;off&#8220; da_not_modal=&#8220;on&#8220; da_is_singular=&#8220;off&#8220; da_with_loader=&#8220;off&#8220; da_has_shadow=&#8220;on&#8220;][et_pb_row use_custom_gutter=&#8220;on&#8220; gutter_width=&#8220;2&#8243; _builder_version=&#8220;4.16&#8243; background_size=&#8220;initial&#8220; background_position=&#8220;top_left&#8220; background_repeat=&#8220;repeat&#8220; width=&#8220;90%&#8220; max_width=&#8220;1280px&#8220; custom_margin=&#8220;-120px|auto||auto|false|false&#8220; custom_margin_tablet=&#8220;-100px||||false|false&#8220; custom_margin_phone=&#8220;-100px||||false|false&#8220; custom_margin_last_edited=&#8220;on|phone&#8220; global_colors_info=&#8220;{}&#8220;][et_pb_column type=&#8220;4_4&#8243; _builder_version=&#8220;4.16&#8243; custom_padding=&#8220;|||&#8220; global_colors_info=&#8220;{}&#8220; custom_padding__hover=&#8220;|||&#8220;][et_pb_text _builder_version=&#8220;4.27.4&#8243; text_font=&#8220;||||||||&#8220; text_line_height=&#8220;2em&#8220; header_font=&#8220;|700||on|||||&#8220; header_2_font=&#8220;|700||on|||||&#8220; header_2_text_color=&#8220;#002754&#8243; header_2_font_size=&#8220;19px&#8220; header_2_line_height=&#8220;1.2em&#8220; header_3_font=&#8220;|700|||||||&#8220; header_4_font=&#8220;|700|||||||&#8220; header_4_text_color=&#8220;#002754&#8243; header_5_line_height=&#8220;1.1em&#8220; header_6_font=&#8220;|700||on|||||&#8220; header_6_text_color=&#8220;#002754&#8243; header_6_font_size=&#8220;16px&#8220; header_6_letter_spacing=&#8220;5px&#8220; header_6_line_height=&#8220;1.8em&#8220; background_color=&#8220;rgba(255,255,255,0.71)&#8220; max_width=&#8220;1440px&#8220; module_alignment=&#8220;left&#8220; custom_margin=&#8220;|||0px|false|false&#8220; custom_padding=&#8220;20px|20px|20px|20px|true|true&#8220; hover_enabled=&#8220;0&#8243; border_radii=&#8220;on|10px|10px|10px|10px&#8220; global_colors_info=&#8220;{}&#8220; header_text_color=&#8220;#002754&#8243; sticky_enabled=&#8220;0&#8243;]<!-- divi:heading --><\/p>\n<p>Diese Datenschutzrichtlinie beschreibt, wie wir bei Valle Camping AB (Valle Campingstugor) Ihre personenbezogenen Daten im Rahmen unserer Gesch\u00e4ftst\u00e4tigkeit verarbeiten.<\/p>\n<p>DIESE DATENSCHUTZERKL\u00c4RUNG WIRD AUF SCHWEDISCH BEREITGESTELLT UND IN MEHRERE SPRACHEN \u00dcBERSETZT, UM DAS VERST\u00c4NDNIS ZU ERLEICHTERN. DIE SCHWEDISCHE VERSION IST JEDOCH DER RECHTLICH VERBINDLICHE TEXT. BEI ABWEICHUNGEN ODER \u00dcBERSETZUNGSFEHLERN GILT AUSSCHLIESSLICH DER SCHWEDISCHE ORIGINALTEXT.  <\/p>\n<p>&nbsp;<\/p>\n<h1>Datenschutzrichtlinie<\/h1>\n<p>Unter personenbezogenen Daten versteht man alle Informationen, die sich direkt oder indirekt auf eine lebende nat\u00fcrliche Person beziehen lassen. Bitte lesen Sie diese Datenschutzrichtlinie sorgf\u00e4ltig durch, um zu verstehen, wie und zu welchen Zwecken wir Ihre personenbezogenen Daten verarbeiten. <\/p>\n<p>Wir verarbeiten Ihre personenbezogenen Daten, wenn Sie unsere unten beschriebenen Dienste nutzen. Ihre Privatsph\u00e4re ist uns wichtig, und wir halten uns stets an die geltenden Gesetze zum Schutz Ihrer Person. Diese Datenschutzrichtlinie bildet die Grundlage daf\u00fcr, wie wir die personenbezogenen Daten verarbeiten, die Sie uns zur Verf\u00fcgung stellen oder die wir bei der Nutzung unserer Dienste \u00fcber Sie erfassen. Einige der von uns angebotenen Dienste unterliegen zudem besonderen Bedingungen, die Sie vor der Nutzung akzeptieren m\u00fcssen.   <\/p>\n<p>Valle Camping bietet unter anderem die Vermietung von Ferienh\u00e4usern und Campingpl\u00e4tzen an. Wir verarbeiten personenbezogene Daten haupts\u00e4chlich, um Ihre Buchungen zu verwalten, unsere verschiedenen Dienste zu administrieren, bereitzustellen, weiterzuentwickeln und zu pflegen, Ihre Nutzererfahrung zu optimieren und mit Ihnen zu kommunizieren. Wenn wir \u00c4nderungen an dieser Datenschutzrichtlinie vornehmen, werden wir Sie dar\u00fcber beispielsweise \u00fcber unsere Website informieren. Wenn Sie uns personenbezogene Daten \u00fcber andere Personen zur Verf\u00fcgung stellen, sind Sie daf\u00fcr verantwortlich, dass wir diese Daten gem\u00e4\u00df dieser Datenschutzrichtlinie verarbeiten d\u00fcrfen.  <\/p>\n<h2>WIE WIR IHRE PERSONENBEZOGENEN DATEN ERFASSEN UND VERARBEITEN<\/h2>\n<p>Valle Camping verarbeitet Ihre personenbezogenen Daten ausschlie\u00dflich im Einklang mit den geltenden gesetzlichen Bestimmungen. Wir erfassen personenbezogene Daten direkt von Ihnen, wenn Sie unsere Dienste nutzen (z. B. wenn Sie ein Ferienhaus buchen). Wir k\u00f6nnen auch Daten von Partnern erhalten und \u00fcbermitteln (z. B. wenn Sie eine Buchungsplattform nutzen). Dazu verwenden wir verschiedene Methoden, darunter sogenannte Cookies, E-Mail, Kundenumfragen und Kundenservice. Die Erhebungsmethode und der Zweck der Verarbeitung k\u00f6nnen je nach Dienst variieren.    <\/p>\n<p>Valle Camping verarbeitet Ihre personenbezogenen Daten f\u00fcr die unten aufgef\u00fchrten Zwecke sowie f\u00fcr die Zwecke, die Ihnen im Zusammenhang mit den jeweiligen Diensten mitgeteilt werden. Ist gesetzlich vorgeschrieben, dass wir Ihre Einwilligung einholen, tun wir dies vor der Verarbeitung. <\/p>\n<h2>DIESE PERSONENBEZOGENEN DATEN VERARBEITEN WIR UND WARUM<\/h2>\n<h4>Buchung verwalten<\/h4>\n<p>Wenn Sie bei uns ein Ferienhaus, einen Campingplatz oder ein Zimmer im Hostel buchen, verarbeiten wir Ihre personenbezogenen Daten, um Ihre Buchung bereitzustellen, zu verwalten, zu administrieren, nachzuverfolgen und abzurechnen. Dies beinhaltet auch Erinnerungen oder Informationen rund um Ihren Aufenthalt. <\/p>\n<p>Sie m\u00fcssen die angeforderten Informationen angeben, damit wir Ihre Buchung verwalten k\u00f6nnen. Wenn Sie f\u00fcr andere Personen buchen, sind Sie verantwortlich daf\u00fcr, dass Valle Camping deren Daten gem\u00e4\u00df dieser Datenschutzrichtlinie verarbeiten darf. <\/p>\n<p>Ihre Daten und Buchungsinformationen k\u00f6nnen an unsere Dienstleister (z. B. IT-Dienstleister, Buchungssysteme, Analyse- und Statistikdienste) innerhalb und au\u00dferhalb der EU\/des EWR \u00fcbermittelt werden.<\/p>\n<p>Diese Daten verarbeiten wir:<\/p>\n<ul>\n<li>Identit\u00e4tsdaten, z. B. Vor- und Nachname <\/li>\n<li>Kontaktdaten, z. B. E-Mail-Adresse, Telefonnummer, Adresse, Nationalit\u00e4t <\/li>\n<li>IP-Adresse\/Cookies (bei Onlinebuchung)<\/li>\n<li>Zahlungsinformationen (Kredit-\/Debitkarten)<\/li>\n<li>Angaben zu Sonderw\u00fcnschen und Bed\u00fcrfnissen<\/li>\n<li>Daten, die Sie uns freiwillig mitteilen (z. B. in Kommentaren, E-Mails)<\/li>\n<li>Gesundheitsbezogene Angaben (z. B. Anforderungen an das Wohnen)<\/li>\n<li>Angaben zu weiteren Personen in Ihrer Buchung<\/li>\n<\/ul>\n<p>Rechtsgrundlage: Die Verarbeitung ist notwendig zur Erf\u00fcllung unserer vertraglichen Leistungen.<\/p>\n<p>Speicherdauer: 12 Monate nach Beendigung Ihres Aufenthalts. Wenn Sie Angebote, Newsletter oder soziale Medien von uns abonnieren, speichern wir Ihre Daten l\u00e4nger, damit wir Sie bei der n\u00e4chsten Buchung wiedererkennen k\u00f6nnen. <\/p>\n<h4>Verarbeitung personenbezogener Daten auf Grundlage von Einwilligung, Newsletter-Abonnement oder Interessenabw\u00e4gung<\/h4>\n<p>Wenn Sie z. B. unseren Newsletter abonniert oder Ihre Einwilligung zur Datenverarbeitung gegeben haben, verarbeiten wir Ihre personenbezogenen Daten, um Ihr Abonnement bereitzustellen, zu verwalten, zu betreuen und aufrechtzuerhalten. Dies umfasst unter anderem Informationen, Kommunikation und das Beantworten von Anfragen. Gegebenenfalls kontaktieren wir Sie auch, um sicherzustellen, dass Ihre Angaben korrekt und aktuell sind.  <\/p>\n<p>Durch das Abonnieren unseres Newsletters k\u00f6nnen wir Ihnen individuellere Angebote und Erlebnisse anbieten. Mithilfe Ihres Profils erstellen wir relevante Angebote und Informationen zu unseren Dienstleistungen, die wir Ihnen zusenden. <\/p>\n<p>Wenn Sie unsere Dienste nutzen, k\u00f6nnen wir Ihre personenbezogenen Daten auch verarbeiten, um Ihnen Newsletter mit relevanten Informationen und Angeboten zu senden, z. B. per Post, E-Mail oder \u00fcber unsere digitalen Kan\u00e4le, solange eine Kundenbeziehung besteht. Wir k\u00f6nnen Ihnen auch Umfragen zusenden, um Ihnen die M\u00f6glichkeit zu geben, unser Angebot mitzugestalten. Diese Form der Verarbeitung basiert auf einer Interessenabw\u00e4gung. Ihre personenbezogenen Daten k\u00f6nnen in diesem Zusammenhang auch an Unternehmen (z. B. IT-Dienstleister) innerhalb und au\u00dferhalb der EU\/des EWR \u00fcbermittelt werden.    <\/p>\n<p>Wenn Sie keine Newsletter oder andere Direktwerbung mehr erhalten m\u00f6chten, k\u00f6nnen Sie der Verarbeitung einfach widersprechen \u2013 entweder \u00fcber einen Abmeldelink im Newsletter oder indem Sie uns direkt kontaktieren. Bei Widerspruch werden Ihre Daten gel\u00f6scht oder anonymisiert (sofern sie nicht zu anderen Zwecken weiterverarbeitet werden d\u00fcrfen), und Sie erhalten keine weitere Werbung von uns. <\/p>\n<p>Diese Daten verarbeiten wir:<\/p>\n<ul>\n<li>Identit\u00e4tsdaten, z. B. Vor- und Nachname <\/li>\n<li>Kontaktdaten, z. B. E-Mail-Adresse, Mobilnummer, Adresse, Nationalit\u00e4t <\/li>\n<li>IP-Adresse (bei Onlinebuchung)<\/li>\n<li>Angaben zu Sonderw\u00fcnschen und Bed\u00fcrfnissen<\/li>\n<li>Gesundheitsbezogene Angaben (z. B. Anforderungen an die Unterkunft)<\/li>\n<li>Fr\u00fchere Buchungen und weitere von Ihnen \u00fcbermittelte Daten (z. B. Reisebegleitung)<\/li>\n<\/ul>\n<p>Rechtsgrundlage: Die Verarbeitung ist erforderlich zur Erf\u00fcllung unserer Leistungen und zur Wahrung unserer berechtigten Interessen an Direktmarketing. <\/p>\n<p>Speicherdauer: Solange das Kundenverh\u00e4ltnis besteht oder bis zum Ende des Abonnements und f\u00fcr weitere 12 Monate danach, bzw. fr\u00fcher, wenn Sie der weiteren Verarbeitung widersprechen. Bei Verarbeitung auf Basis von Einwilligung, bis zum Widerruf dieser Einwilligung. <\/p>\n<h4>Rechtliche Verpflichtungen<\/h4>\n<p>Aufgrund von Gesetzen, Gerichtsurteilen oder beh\u00f6rdlichen Anordnungen k\u00f6nnen wir verpflichtet sein, Ihre personenbezogenen Daten zu verarbeiten, z. B. nach Steuergesetzen, Buchf\u00fchrungsgesetzen, Anordnungen der Polizei oder anderer Beh\u00f6rden. <\/p>\n<p>Diese Daten verarbeiten wir:<\/p>\n<ul>\n<li>Identit\u00e4tsdaten, z. B. Vor- und Nachname <\/li>\n<li>Zahlungsinformationen<\/li>\n<li>Buchungsdaten<\/li>\n<li>Kontaktdaten, z. B. Adresse, E-Mail-Adresse, Telefonnummer, Nationalit\u00e4t<\/li>\n<li>Quittungsdaten, z. B. Angaben zu get\u00e4tigten K\u00e4ufen <\/li>\n<\/ul>\n<p>Rechtsgrundlage: Die Verarbeitung erfolgt zur Erf\u00fcllung rechtlicher Verpflichtungen.<\/p>\n<p>Speicherdauer: So lange, wie es zur Erf\u00fcllung unserer gesetzlichen Pflichten erforderlich ist.<\/p>\n<h4>Kundendienst<\/h4>\n<p>Wir k\u00f6nnen Ihre personenbezogenen Daten verarbeiten, um verschiedene Kundenanfragen zu bearbeiten \u2013 z. B. zur Beantwortung, Unterst\u00fctzung, Nachverfolgung oder Abwicklung Ihres Anliegens. Dies umfasst alle notwendigen Kommunikationsformen, z. B. \u00fcber Telefon, E-Mail, soziale Medien, Formulare, Umfragen oder andere Kan\u00e4le. Die Verarbeitung dient auch der Bearbeitung von Beschwerden, Reklamationen oder Supportanfragen \u2013 inklusive technischer Unterst\u00fctzung und interner Verbesserungen.  <\/p>\n<p>Diese Daten verarbeiten wir:<\/p>\n<ul>\n<li>Identit\u00e4tsdaten, z. B. Vor- und Nachname, Profilname <\/li>\n<li>Eventuelle Buchungsdaten<\/li>\n<li>Kontaktdaten, z. B. E-Mail-Adresse, Telefonnummer, Adresse<\/li>\n<li>Technische Informationen \u00fcber Ihre Ger\u00e4te<\/li>\n<li>Gesundheitsbezogene Angaben, wenn Sie diese freiwillig \u00fcbermitteln<\/li>\n<li>Quittungsinformationen, z. B. Buchungen oder get\u00e4tigte K\u00e4ufe<\/li>\n<li>Alle weiteren Daten, die Sie uns im Rahmen eines Kundenanliegens mitteilen<\/li>\n<\/ul>\n<p>Rechtsgrundlage: Unser berechtigtes Interesse, Kundendienst zu leisten und unsere Dienste anzubieten.<\/p>\n<p>Speicherdauer: 12 Monate nach Abschluss des Kundenanliegens, um Nachverfolgung zu erm\u00f6glichen.<\/p>\n<p><strong>Kamer\u00fcberwachung<\/strong><\/p>\n<p>Wir setzen Kamera\u00fcberwachung mit Bild- und Tonaufzeichnung ein, um Straftaten und Vandalismus zu verhindern, aufzukl\u00e4ren und Unf\u00e4lle vorzubeugen. Das aufgezeichnete Material wird ausschlie\u00dflich zu diesen Zwecken verwendet und nicht zur \u00dcberwachung von Personen. Besteht kein Verdacht auf eine Straftat oder Sachbesch\u00e4digung, wird das Material maximal 72 Stunden gespeichert; andernfalls bis zum Abschluss einer Anzeige bei der Polizei oder einer zust\u00e4ndigen Beh\u00f6rde. Um Ihre Privatsph\u00e4re zu sch\u00fctzen, haben wir organisatorische und technische Ma\u00dfnahmen ergriffen, z. B. geeignete Platzierung und Abschirmung der Kameras, um Eingriffe in die Privatsph\u00e4re und die Erfassung personenbezogener Daten zu minimieren. Die Verarbeitung basiert auf einer regelm\u00e4\u00dfig \u00fcberpr\u00fcften Interessenabw\u00e4gung. <a href=\"https:\/\/www.vallecamping.se\/de\/ueberwachungskameras\/\">Mehr lesen <\/a>      <\/p>\n<h2>Speicherdauer Ihrer personenbezogenen Daten<\/h2>\n<p>Ihre personenbezogenen Daten werden so lange gespeichert, wie es zur Erf\u00fcllung der jeweiligen Zwecke erforderlich ist. Danach l\u00f6schen oder anonymisieren wir die Daten sicher, sodass sie nicht mehr mit Ihrer Person in Verbindung gebracht werden k\u00f6nnen. Die jeweilige Speicherdauer ist f\u00fcr jede Verarbeitung oben angegeben. Bei neuen Vorg\u00e4ngen oder erneuter Einwilligung verl\u00e4ngert sich die Speicherdauer entsprechend.   <\/p>\n<p>Valle Camping l\u00f6scht personenbezogene Daten gem\u00e4\u00df den jeweils geltenden gesetzlichen Vorschriften und den oben genannten Kriterien. Das bedeutet zum Beispiel, dass wir Ihre personenbezogenen Daten l\u00f6schen oder anonymisieren, sobald der Zweck der Verarbeitung erf\u00fcllt ist. <\/p>\n<h2>Weitergabe personenbezogener Daten und Unternehmen, mit denen wir Informationen teilen<\/h2>\n<p>Wir k\u00f6nnen Ihre personenbezogenen Daten an Dritte weitergeben. Wie oben beschrieben, kann es erforderlich sein, Ihre Daten an unsere Dienstleister innerhalb und au\u00dferhalb der EU\/des EWR zu \u00fcbermitteln. <\/p>\n<p>Zur Erf\u00fcllung der Zwecke der Datenverarbeitung beauftragen wir Unternehmen, die uns bei der Erbringung unserer Leistungen unterst\u00fctzen. Dazu geh\u00f6ren unter anderem Dienstleister f\u00fcr Webseiten, Telefonie, Kundenservice, Zahlungsabwicklung, Versand, Buchungssysteme, Analyse, Kommunikation, Marketing und Werbematerial. <\/p>\n<p>Valle Camping kann Ihre personenbezogenen Daten auch mit Unternehmen teilen, die den Betrieb, die Speicherung, technische Unterst\u00fctzung und Wartung unserer IT-Systeme \u00fcbernehmen. Ebenso k\u00f6nnen wir Ihre Daten an Zahlungsdienstleister \u00fcbermitteln, um Zahlungen zu erm\u00f6glichen. Unsere Dienstleister verarbeiten Ihre Daten ausschlie\u00dflich gem\u00e4\u00df unseren Anweisungen und d\u00fcrfen sie nicht f\u00fcr eigene Zwecke verwenden. Sie sind gesetzlich verpflichtet, Ihre Daten vor unbefugtem Zugriff zu sch\u00fctzen.   <\/p>\n<p>Wir werden Ihre personenbezogenen Daten niemals verkaufen und schlie\u00dfen stets Vertr\u00e4ge mit den Unternehmen, die in unserem Auftrag Daten verarbeiten. So stellen wir sicher, dass Ihre Datenverarbeitung mit einem angemessenen Sicherheitsniveau erfolgt. Gegebenenfalls \u00fcbermitteln wir Ihre Daten auch an andere Empf\u00e4nger als die oben genannten, wenn dies zur Erf\u00fcllung unserer Zwecke notwendig ist.  <\/p>\n<h4>Inkassounternehmen<\/h4>\n<p>Grund: Wenn Sie nicht f\u00fcr eine von uns erbrachte Leistung zahlen, k\u00f6nnen wir Ihre personenbezogenen Daten an ein Inkassounternehmen weitergeben, um die Forderung einzutreiben.<\/p>\n<p>Rechtsgrundlage: Unser berechtigtes Interesse an der Durchsetzung unserer Zahlungsanspr\u00fcche.<\/p>\n<h4>Beh\u00f6rden, Gerichte, Gegenparteien<\/h4>\n<p>Grund: Wir k\u00f6nnen verpflichtet sein, Ihre personenbezogenen Daten an Beh\u00f6rden weiterzugeben, wenn dies gesetzlich erforderlich ist. Im Rahmen eines Rechtsstreits k\u00f6nnen Ihre Daten an Gerichte, Beh\u00f6rden oder Gegenparteien weitergegeben werden, um unsere Rechte wahrzunehmen.<\/p>\n<p>Rechtsgrundlage: Die Verarbeitung ist erforderlich zur Erf\u00fcllung gesetzlicher Verpflichtungen oder beruht auf unserem berechtigten Interesse, unsere Rechte zu wahren.<\/p>\n<h2>So sch\u00fctzen wir Ihre personenbezogenen Daten<\/h2>\n<p>Valle Camping setzt technische und organisatorische Ma\u00dfnahmen ein, um Ihre personenbezogenen Daten vor z. B. Verlust, Manipulation oder unbefugtem Zugriff zu sch\u00fctzen. Durch die kontinuierliche Anpassung unserer Sicherheitsma\u00dfnahmen an den technischen Fortschritt gew\u00e4hrleisten wir ein hohes Ma\u00df an Sicherheit.  <\/p>\n<h2>Webseiten oder Apps Dritter<\/h2>\n<p>Unsere Dienste k\u00f6nnen Links zu anderen Webseiten oder Apps enthalten, die nicht von uns betrieben werden. Diese Datenschutzrichtlinie gilt nur f\u00fcr Ihre Nutzung der Dienste von Valle Camping. F\u00fcr Inhalte auf verlinkten Webseiten und deren m\u00f6gliche Verarbeitung personenbezogener Daten durch deren Betreiber \u00fcbernehmen wir keine Verantwortung.  <\/p>\n<h2>COOKIES<\/h2>\n<p>Wir verwenden Cookies, die in einigen F\u00e4llen automatisch personenbezogene Daten erfassen (z. B. IP-Adresse und Nutzungsverhalten). Wir und unsere Drittanbieter verwenden diese Cookies (essenzielle, funktionale und Performance-Cookies), um Ihre Erfahrung und die Sicherheit unserer digitalen Dienste zu verbessern. Personenbezogene Daten, die wir \u00fcber Cookies erfassen, k\u00f6nnen anonymisiert und in aggregierter Form f\u00fcr Entwicklungs-, Statistik-, Marketing- und Analysezwecke oder f\u00fcr andere noch nicht klassifizierte Zwecke verwendet werden (z. B. Werbung, Analysen).  <\/p>\n<h2>Ihre Rechte<\/h2>\n<p>Sie haben verschiedene Rechte in Bezug auf die Verarbeitung Ihrer personenbezogenen Daten. Wenn Sie diese aus\u00fcben m\u00f6chten, kontaktieren Sie uns bitte (siehe unten). <\/p>\n<h4>Auskunft \u00fcber personenbezogene Daten<\/h4>\n<p>Sie k\u00f6nnen kostenlos eine Best\u00e4tigung verlangen, ob wir Ihre personenbezogenen Daten verarbeiten, sowie Auskunft \u00fcber die bei uns gespeicherten Daten und deren Verarbeitung erhalten (sog. Auszug aus dem Register).<\/p>\n<h4>Berichtigung personenbezogener Daten<\/h4>\n<p>Wenn Sie der Meinung sind, dass die von uns gespeicherten Daten fehlerhaft oder unvollst\u00e4ndig sind, haben Sie das Recht, eine Berichtigung zu verlangen. Bitte kontaktieren Sie uns, um Ihre Angaben zu aktualisieren. Wir haften nicht f\u00fcr Sch\u00e4den, die durch falsche Angaben entstehen, wenn Sie uns nicht informieren.  <\/p>\n<h4>Widerruf der Einwilligung mit Wirkung f\u00fcr die Zukunft<\/h4>\n<p>Soweit wir Ihre Daten auf Grundlage Ihrer Einwilligung verarbeiten, k\u00f6nnen Sie diese jederzeit mit Wirkung f\u00fcr die Zukunft widerrufen. Ein Widerruf hat keine R\u00fcckwirkung.   <\/p>\n<h4>Widerspruch gegen bestimmte Verarbeitungen<\/h4>\n<p>Sie k\u00f6nnen der Verarbeitung widersprechen, wenn diese auf unserem berechtigten Interesse beruht und Sie pers\u00f6nliche Gr\u00fcnde daf\u00fcr haben. Wir d\u00fcrfen Ihre Daten dennoch weiterverarbeiten, wenn unser Interesse Ihre schutzw\u00fcrdigen Interessen \u00fcberwiegt. <\/p>\n<h4>L\u00f6schung<\/h4>\n<p>Sie haben das Recht, die L\u00f6schung Ihrer personenbezogenen Daten zu verlangen. Dies gilt jedoch nicht f\u00fcr Daten, die wir aufgrund gesetzlicher oder vertraglicher Verpflichtungen weiter verarbeiten m\u00fcssen.   <\/p>\n<h4>Daten\u00fcbertragbarkeit<\/h4>\n<p>Sie k\u00f6nnen eine digitale Kopie der personenbezogenen Daten erhalten, die Sie uns bereitgestellt haben und die wir mit Ihrer Einwilligung oder zur Vertragserf\u00fcllung verarbeiten. Diese erhalten Sie in einem g\u00e4ngigen Format zur Nutzung bei einem anderen Anbieter. <\/p>\n<h4>Beschwerde bei einer Aufsichtsbeh\u00f6rde<\/h4>\n<p>Wenn Sie mit unserer Verarbeitung unzufrieden sind oder der Ansicht sind, dass wir gegen Datenschutzgesetze versto\u00dfen, haben Sie das Recht, bei der zust\u00e4ndigen Aufsichtsbeh\u00f6rde Beschwerde einzulegen.<\/p>\n<h2>KONTAKTINFORMATIONEN<\/h2>\n<p>Wenn Sie Fragen, Kommentare oder Beschwerden bez\u00fcglich unserer Verarbeitung Ihrer personenbezogenen Daten oder zur Einhaltung dieser Datenschutzrichtlinie und geltenden Datenschutzgesetze haben, wenden Sie sich bitte an:<\/p>\n<p><strong>Valle camping AB<\/strong><br \/>Sk\u00e4rv, Per-Larsg\u00e5rden<br \/>SE-532 91 Axvall<br \/>Sverige<br \/>+46(0)511 621 09<br \/>info@vallecamping.se<\/p>\n<p>&nbsp;<\/p>\n<p>&nbsp;<\/p>\n<p>&nbsp;<\/p>\n<p><!-- \/divi:heading -->[\/et_pb_text][\/et_pb_column][\/et_pb_row][\/et_pb_section]<\/p>\n","protected":false},"excerpt":{"rendered":"<p>Datenschutzrichtlinie Valle Camping AB Diese Datenschutzrichtlinie beschreibt, wie wir bei Valle Camping AB (Valle Campingstugor) Ihre personenbezogenen Daten im Rahmen unserer Gesch\u00e4ftst\u00e4tigkeit verarbeiten. DIESE DATENSCHUTZERKL\u00c4RUNG WIRD AUF SCHWEDISCH BEREITGESTELLT UND IN MEHRERE SPRACHEN \u00dcBERSETZT, UM DAS VERST\u00c4NDNIS ZU ERLEICHTERN. DIE SCHWEDISCHE VERSION IST JEDOCH DER RECHTLICH VERBINDLICHE TEXT. BEI ABWEICHUNGEN ODER \u00dcBERSETZUNGSFEHLERN GILT AUSSCHLIESSLICH DER [&hellip;]<\/p>\n","protected":false},"author":1,"featured_media":0,"parent":0,"menu_order":0,"comment_status":"closed","ping_status":"open","template":"","meta":{"_et_pb_use_builder":"on","_et_pb_old_content":"","_et_gb_content_width":"","footnotes":""},"class_list":["post-12591","page","type-page","status-publish","hentry"],"yoast_head":"<!-- This site is optimized with the Yoast SEO plugin v27.5 - https:\/\/yoast.com\/product\/yoast-seo-wordpress\/ -->\n<title>Datenschutzrichtlinie - Valle Camping AB<\/title>\n<meta name=\"description\" content=\"Hier finden Sie Informationen dar\u00fcber, wie wir personenbezogene Daten im Zusammenhang mit beispielsweise Ihrem Besuch auf der Website, Ihrer Buchung usw. behandeln.\" \/>\n<meta name=\"robots\" content=\"index, follow, max-snippet:-1, max-image-preview:large, max-video-preview:-1\" \/>\n<link rel=\"canonical\" href=\"https:\/\/www.vallecamping.se\/de\/privacy-policy\/\" \/>\n<meta property=\"og:locale\" content=\"de_DE\" \/>\n<meta property=\"og:type\" content=\"article\" \/>\n<meta property=\"og:title\" content=\"Datenschutzrichtlinie - Valle Camping AB\" \/>\n<meta property=\"og:description\" content=\"Hier finden Sie Informationen dar\u00fcber, wie wir personenbezogene Daten im Zusammenhang mit beispielsweise Ihrem Besuch auf der Website, Ihrer Buchung usw. behandeln.\" \/>\n<meta property=\"og:url\" content=\"https:\/\/www.vallecamping.se\/de\/privacy-policy\/\" \/>\n<meta property=\"og:site_name\" content=\"Valle Camping AB\" \/>\n<meta property=\"article:publisher\" content=\"https:\/\/www.facebook.com\/vallecamping\" \/>\n<meta property=\"article:modified_time\" content=\"2025-05-30T15:16:12+00:00\" \/>\n<meta name=\"twitter:card\" content=\"summary_large_image\" \/>\n<meta name=\"twitter:label1\" content=\"Gesch\u00e4tzte Lesezeit\" \/>\n\t<meta name=\"twitter:data1\" content=\"14\u00a0Minuten\" \/>\n<script type=\"application\/ld+json\" class=\"yoast-schema-graph\">{\"@context\":\"https:\\\/\\\/schema.org\",\"@graph\":[{\"@type\":\"WebPage\",\"@id\":\"https:\\\/\\\/www.vallecamping.se\\\/de\\\/privacy-policy\\\/\",\"url\":\"https:\\\/\\\/www.vallecamping.se\\\/de\\\/privacy-policy\\\/\",\"name\":\"Datenschutzrichtlinie - Valle Camping AB\",\"isPartOf\":{\"@id\":\"https:\\\/\\\/www.vallecamping.se\\\/de\\\/#website\"},\"datePublished\":\"2020-09-30T20:44:52+00:00\",\"dateModified\":\"2025-05-30T15:16:12+00:00\",\"description\":\"Hier finden Sie Informationen dar\u00fcber, wie wir personenbezogene Daten im Zusammenhang mit beispielsweise Ihrem Besuch auf der Website, Ihrer Buchung usw. behandeln.\",\"breadcrumb\":{\"@id\":\"https:\\\/\\\/www.vallecamping.se\\\/de\\\/privacy-policy\\\/#breadcrumb\"},\"inLanguage\":\"de\",\"potentialAction\":[{\"@type\":\"ReadAction\",\"target\":[\"https:\\\/\\\/www.vallecamping.se\\\/de\\\/privacy-policy\\\/\"]}]},{\"@type\":\"BreadcrumbList\",\"@id\":\"https:\\\/\\\/www.vallecamping.se\\\/de\\\/privacy-policy\\\/#breadcrumb\",\"itemListElement\":[{\"@type\":\"ListItem\",\"position\":1,\"name\":\"Hem\",\"item\":\"https:\\\/\\\/www.vallecamping.se\\\/de\\\/\"},{\"@type\":\"ListItem\",\"position\":2,\"name\":\"Datenschutzrichtlinie\"}]},{\"@type\":\"WebSite\",\"@id\":\"https:\\\/\\\/www.vallecamping.se\\\/de\\\/#website\",\"url\":\"https:\\\/\\\/www.vallecamping.se\\\/de\\\/\",\"name\":\"Valle Camping AB\",\"description\":\"Valle Camping - Stugor, camping, st\u00e4llplatser och vandrarhem vid sj\u00f6 i vackra Valle n\u00e4ra Skara sommarland, Hornborgasj\u00f6n, Varnhems klosterkyrka, Kata g\u00e5rd med mera\",\"publisher\":{\"@id\":\"https:\\\/\\\/www.vallecamping.se\\\/de\\\/#organization\"},\"alternateName\":\"Valle camping\",\"potentialAction\":[{\"@type\":\"SearchAction\",\"target\":{\"@type\":\"EntryPoint\",\"urlTemplate\":\"https:\\\/\\\/www.vallecamping.se\\\/de\\\/?s={search_term_string}\"},\"query-input\":{\"@type\":\"PropertyValueSpecification\",\"valueRequired\":true,\"valueName\":\"search_term_string\"}}],\"inLanguage\":\"de\"},{\"@type\":\"Organization\",\"@id\":\"https:\\\/\\\/www.vallecamping.se\\\/de\\\/#organization\",\"name\":\"Valle camping AB\",\"alternateName\":\"Valle camping\",\"url\":\"https:\\\/\\\/www.vallecamping.se\\\/de\\\/\",\"logo\":{\"@type\":\"ImageObject\",\"inLanguage\":\"de\",\"@id\":\"https:\\\/\\\/www.vallecamping.se\\\/de\\\/#\\\/schema\\\/logo\\\/image\\\/\",\"url\":\"https:\\\/\\\/www.vallecamping.se\\\/wp-content\\\/uploads\\\/2023\\\/03\\\/Valle-Camping-Icon2303-1.png\",\"contentUrl\":\"https:\\\/\\\/www.vallecamping.se\\\/wp-content\\\/uploads\\\/2023\\\/03\\\/Valle-Camping-Icon2303-1.png\",\"width\":500,\"height\":496,\"caption\":\"Valle camping AB\"},\"image\":{\"@id\":\"https:\\\/\\\/www.vallecamping.se\\\/de\\\/#\\\/schema\\\/logo\\\/image\\\/\"},\"sameAs\":[\"https:\\\/\\\/www.facebook.com\\\/vallecamping\",\"https:\\\/\\\/www.instagram.com\\\/vallecampingstugor\\\/\",\"https:\\\/\\\/www.youtube.com\\\/channel\\\/UCoJUm2JGJm1kc46V1JnI47Q\"]}]}<\/script>\n<!-- \/ Yoast SEO plugin. -->","yoast_head_json":{"title":"Datenschutzrichtlinie - Valle Camping AB","description":"Hier finden Sie Informationen dar\u00fcber, wie wir personenbezogene Daten im Zusammenhang mit beispielsweise Ihrem Besuch auf der Website, Ihrer Buchung usw. behandeln.","robots":{"index":"index","follow":"follow","max-snippet":"max-snippet:-1","max-image-preview":"max-image-preview:large","max-video-preview":"max-video-preview:-1"},"canonical":"https:\/\/www.vallecamping.se\/de\/privacy-policy\/","og_locale":"de_DE","og_type":"article","og_title":"Datenschutzrichtlinie - Valle Camping AB","og_description":"Hier finden Sie Informationen dar\u00fcber, wie wir personenbezogene Daten im Zusammenhang mit beispielsweise Ihrem Besuch auf der Website, Ihrer Buchung usw. behandeln.","og_url":"https:\/\/www.vallecamping.se\/de\/privacy-policy\/","og_site_name":"Valle Camping AB","article_publisher":"https:\/\/www.facebook.com\/vallecamping","article_modified_time":"2025-05-30T15:16:12+00:00","twitter_card":"summary_large_image","twitter_misc":{"Gesch\u00e4tzte Lesezeit":"14\u00a0Minuten"},"schema":{"@context":"https:\/\/schema.org","@graph":[{"@type":"WebPage","@id":"https:\/\/www.vallecamping.se\/de\/privacy-policy\/","url":"https:\/\/www.vallecamping.se\/de\/privacy-policy\/","name":"Datenschutzrichtlinie - Valle Camping AB","isPartOf":{"@id":"https:\/\/www.vallecamping.se\/de\/#website"},"datePublished":"2020-09-30T20:44:52+00:00","dateModified":"2025-05-30T15:16:12+00:00","description":"Hier finden Sie Informationen dar\u00fcber, wie wir personenbezogene Daten im Zusammenhang mit beispielsweise Ihrem Besuch auf der Website, Ihrer Buchung usw. behandeln.","breadcrumb":{"@id":"https:\/\/www.vallecamping.se\/de\/privacy-policy\/#breadcrumb"},"inLanguage":"de","potentialAction":[{"@type":"ReadAction","target":["https:\/\/www.vallecamping.se\/de\/privacy-policy\/"]}]},{"@type":"BreadcrumbList","@id":"https:\/\/www.vallecamping.se\/de\/privacy-policy\/#breadcrumb","itemListElement":[{"@type":"ListItem","position":1,"name":"Hem","item":"https:\/\/www.vallecamping.se\/de\/"},{"@type":"ListItem","position":2,"name":"Datenschutzrichtlinie"}]},{"@type":"WebSite","@id":"https:\/\/www.vallecamping.se\/de\/#website","url":"https:\/\/www.vallecamping.se\/de\/","name":"Valle Camping AB","description":"Valle Camping - Stugor, camping, st\u00e4llplatser och vandrarhem vid sj\u00f6 i vackra Valle n\u00e4ra Skara sommarland, Hornborgasj\u00f6n, Varnhems klosterkyrka, Kata g\u00e5rd med mera","publisher":{"@id":"https:\/\/www.vallecamping.se\/de\/#organization"},"alternateName":"Valle camping","potentialAction":[{"@type":"SearchAction","target":{"@type":"EntryPoint","urlTemplate":"https:\/\/www.vallecamping.se\/de\/?s={search_term_string}"},"query-input":{"@type":"PropertyValueSpecification","valueRequired":true,"valueName":"search_term_string"}}],"inLanguage":"de"},{"@type":"Organization","@id":"https:\/\/www.vallecamping.se\/de\/#organization","name":"Valle camping AB","alternateName":"Valle camping","url":"https:\/\/www.vallecamping.se\/de\/","logo":{"@type":"ImageObject","inLanguage":"de","@id":"https:\/\/www.vallecamping.se\/de\/#\/schema\/logo\/image\/","url":"https:\/\/www.vallecamping.se\/wp-content\/uploads\/2023\/03\/Valle-Camping-Icon2303-1.png","contentUrl":"https:\/\/www.vallecamping.se\/wp-content\/uploads\/2023\/03\/Valle-Camping-Icon2303-1.png","width":500,"height":496,"caption":"Valle camping AB"},"image":{"@id":"https:\/\/www.vallecamping.se\/de\/#\/schema\/logo\/image\/"},"sameAs":["https:\/\/www.facebook.com\/vallecamping","https:\/\/www.instagram.com\/vallecampingstugor\/","https:\/\/www.youtube.com\/channel\/UCoJUm2JGJm1kc46V1JnI47Q"]}]}},"_links":{"self":[{"href":"https:\/\/www.vallecamping.se\/de\/wp-json\/wp\/v2\/pages\/12591","targetHints":{"allow":["GET"]}}],"collection":[{"href":"https:\/\/www.vallecamping.se\/de\/wp-json\/wp\/v2\/pages"}],"about":[{"href":"https:\/\/www.vallecamping.se\/de\/wp-json\/wp\/v2\/types\/page"}],"author":[{"embeddable":true,"href":"https:\/\/www.vallecamping.se\/de\/wp-json\/wp\/v2\/users\/1"}],"replies":[{"embeddable":true,"href":"https:\/\/www.vallecamping.se\/de\/wp-json\/wp\/v2\/comments?post=12591"}],"version-history":[{"count":16,"href":"https:\/\/www.vallecamping.se\/de\/wp-json\/wp\/v2\/pages\/12591\/revisions"}],"predecessor-version":[{"id":15906,"href":"https:\/\/www.vallecamping.se\/de\/wp-json\/wp\/v2\/pages\/12591\/revisions\/15906"}],"wp:attachment":[{"href":"https:\/\/www.vallecamping.se\/de\/wp-json\/wp\/v2\/media?parent=12591"}],"curies":[{"name":"wp","href":"https:\/\/api.w.org\/{rel}","templated":true}]}}